{"id":1698,"date":"2017-10-23T15:49:04","date_gmt":"2017-10-23T15:49:04","guid":{"rendered":"http:\/\/raval.es\/elx\/?page_id=1698"},"modified":"2019-01-15T16:55:59","modified_gmt":"2019-01-15T16:55:59","slug":"privacitat","status":"publish","type":"page","link":"https:\/\/raval.es\/elx\/privacitat\/","title":{"rendered":"Privacitat"},"content":{"rendered":"<div id=\"fb-root\"><\/div>\n<p><strong>POL\u00cdTICA DE PRIVACITAT<\/strong><br \/>\nLa present Pol\u00edtica de Privacitat estableix els termes en qu\u00e8 l&#8217;associaci\u00f3 ve\u00efnal Raval i carrers adjacents usa i protegeix la informaci\u00f3 que \u00e9s proporcionada pels seus usuaris i inscrits. L&#8217;associaci\u00f3 ve\u00efnal Raval i carrers adjacents est\u00e0 comprom\u00e8s amb la seguretat de les dades dels seus usuaris. Quan li demanem omplir els camps d&#8217;informaci\u00f3 personal amb la qual vost\u00e8 pugui ser identificat, ho fem assegurant que nom\u00e9s es far\u00e0 servir d&#8217;acord amb els termes d&#8217;aquest document. No obstant aix\u00f2 aquesta pol\u00edtica de privacitat pot canviar amb el temps o ser actualitzada pel que li recomanem i emfatitzem revisar cont\u00ednuament aquesta p\u00e0gina per assegurar-se que est\u00e0 d&#8217;acord amb aquests canvis.<\/p>\n<p><strong>Informaci\u00f3 que \u00e9s recollida<br \/>\n<\/strong>El nostre lloc web podr\u00e0 recollir informaci\u00f3 personal per exemple: Nom, informaci\u00f3 de contacte com la seva adre\u00e7a de correu electr\u00f2nica. edat, tel\u00e8fon i d&#8217;altres no compromesses.<br \/>\nQuant a la filiaci\u00f3 com associat\/da aquesta nom\u00e9s afegir\u00e0 les dades necessaris per la gesti\u00f3 com associat: domicili postal, dades per l&#8217;abonament de cuotes, etcx.<\/p>\n<p><strong>\u00das de la informaci\u00f3 recollida<\/strong><br \/>\nL&#8217;associaci\u00f3 empra la informaci\u00f3 per tal de proporcionar la millor atenci\u00f3 possible, particularment per mantenir un registre d&#8217;usuaris i millorar la nostra informaci\u00f3 i contacte. \u00c9s possible que siguin enviats correus electr\u00f2nics peri\u00f2dicament a trav\u00e9s del nostre lloc amb informaci\u00f3 sobre properes activitats, sugegriments, notificacions d&#8217;inter\u00e9s o modificacions del web, aquests correus electr\u00f2nics seran enviats a l&#8217;adre\u00e7a que vost\u00e8 proporcioni i podran ser cancel\u00b7lats en qualsevol moment.<\/p>\n<p>L&#8217;associaci\u00f3 ve\u00efnal Raval i carrers adjacents est\u00e0 altament comprom\u00e8sa per complir amb el comprom\u00eds de mantenir la seva informaci\u00f3 segura. Fem servir els sistemes m\u00e9s adeq\u00fcats i els actualitzem peri\u00f2dicament per assegurar-nos que no hi hagi cap acc\u00e9s no autoritzat.<\/p>\n<p><strong>Galetes<\/strong> (cookies)<br \/>\nUna galeta es refereix a un fitxer que \u00e9s enviat amb la finalitat de sol\u00b7licitar perm\u00eds per emmagatzemar en el seu ordinador, en acceptar aquest fitxer es crea i la galeta serveix llavors per tenir informaci\u00f3 respecte al tr\u00e0nsit web, i tamb\u00e9 facilita les futures visites a una web recurrent. Una altra funci\u00f3 que tenen les galetes \u00e9s que amb elles les web poden recon\u00e8ixer individualment i per tant brindar-te el millor servei personalitzat de la seva web.<\/p>\n<p>El nostre lloc web fa servir galetes per a poder identificar les p\u00e0gines que s\u00f3n visitades i la seva freq\u00fc\u00e8ncia. Aquesta informaci\u00f3 \u00e9s emprada \u00fanicament per a an\u00e0lisi estad\u00edstica i despr\u00e9s la informaci\u00f3 s&#8217;elimina de forma permanent. Vost\u00e8 pot eliminar les galetes en qualsevol moment des del seu ordinador. No obstant aix\u00f2 les galetes ajuden a proporcionar un millor servei dels llocs web, est\u00e0s no donen acc\u00e9s a informaci\u00f3 del seu ordinador ni de vost\u00e8, a menys que vost\u00e8 aix\u00ed ho vulgui i la proporcioni directament. Vost\u00e8 pot acceptar o negar l&#8217;\u00fas de cookies, per\u00f2 la majoria de navegadors accepten galetes autom\u00e0ticament ja que serveix per tenir un millor servei web. Tamb\u00e9 vost\u00e8 pot canviar la configuraci\u00f3 del seu ordinador per declinar les galetes. Si es declinen \u00e9s possible que no pugui utilitzar alguns dels nostres serveis.<\/p>\n<p><strong>Enlla\u00e7os a Tercers<br \/>\n<\/strong>Aquest lloc web pogu\u00e9s contenir enlla\u00e7os a altres llocs que puguin ser del seu inter\u00e8s. Una vegada que vost\u00e8 de clic en aquests enlla\u00e7os i abandoni la nostra p\u00e0gina, ja no tenim control sobre al lloc al qual \u00e9s redirigit i per tant no som responsables dels termes o privacitat ni de la protecci\u00f3 de les seves dades en aquests altres llocs tercers. Aquests llocs estan subjectes a les seves pr\u00f2pies pol\u00edtiques de privacitat per la qual cosa \u00e9s recomanable que els consulti per confirmar que vost\u00e8 est\u00e0 d&#8217;acord amb aquestes.<\/p>\n<p><strong>Control de la seva informaci\u00f3 personal<br \/>\n<\/strong>En qualsevol moment vost\u00e8 pot restringir la recopilaci\u00f3 o l&#8217;\u00fas de la informaci\u00f3 personal que \u00e9s proporcionada al nostre lloc web o als nostres fixers d&#8217;associats\/des.<\/p>\n<p>L&#8217;associaci\u00f3 ve\u00efnal Raval i carrers adjacents mai no vendr\u00e0, cedir\u00e0 o distribuir\u00e0 la informaci\u00f3 personal que \u00e9s recopilada sense el seu consentiment, llevat que sigui requerit per un jutge amb un ordre judicial.<\/p>\n<p>L&#8217;associaci\u00f3 ve\u00efnal Raval i carrers adjacents es reserva el dret de canviar els termes de la present Pol\u00edtica de Privacitat en qualsevol moment.<\/p>\n","protected":false},"excerpt":{"rendered":"<p>POL\u00cdTICA DE PRIVACITAT La present Pol\u00edtica de Privacitat estableix els termes en qu\u00e8 l&#8217;associaci\u00f3 ve\u00efnal Raval i carrers adjacents usa i protegeix la informaci\u00f3 que \u00e9s proporcionada pels seus usuaris i inscrits. L&#8217;associaci\u00f3 ve\u00efnal Raval i carrers adjacents est\u00e0 comprom\u00e8s amb la seguretat de les dades dels seus usuaris. Quan li demanem omplir els camps [&hellip;]<\/p>\n","protected":false},"author":1,"featured_media":0,"parent":0,"menu_order":0,"comment_status":"closed","ping_status":"closed","template":"","meta":{"_et_pb_use_builder":"","_et_pb_old_content":"","_et_gb_content_width":"","_joinchat":[],"footnotes":""},"class_list":["post-1698","page","type-page","status-publish","hentry"],"_links":{"self":[{"href":"https:\/\/raval.es\/elx\/wp-json\/wp\/v2\/pages\/1698","targetHints":{"allow":["GET"]}}],"collection":[{"href":"https:\/\/raval.es\/elx\/wp-json\/wp\/v2\/pages"}],"about":[{"href":"https:\/\/raval.es\/elx\/wp-json\/wp\/v2\/types\/page"}],"author":[{"embeddable":true,"href":"https:\/\/raval.es\/elx\/wp-json\/wp\/v2\/users\/1"}],"replies":[{"embeddable":true,"href":"https:\/\/raval.es\/elx\/wp-json\/wp\/v2\/comments?post=1698"}],"version-history":[{"count":2,"href":"https:\/\/raval.es\/elx\/wp-json\/wp\/v2\/pages\/1698\/revisions"}],"predecessor-version":[{"id":2605,"href":"https:\/\/raval.es\/elx\/wp-json\/wp\/v2\/pages\/1698\/revisions\/2605"}],"wp:attachment":[{"href":"https:\/\/raval.es\/elx\/wp-json\/wp\/v2\/media?parent=1698"}],"curies":[{"name":"wp","href":"https:\/\/api.w.org\/{rel}","templated":true}]}}