{"id":2484,"date":"2018-11-05T23:39:53","date_gmt":"2018-11-05T23:39:53","guid":{"rendered":"http:\/\/raval.es\/elx\/?page_id=2484"},"modified":"2018-11-05T23:53:15","modified_gmt":"2018-11-05T23:53:15","slug":"fem-barri","status":"publish","type":"page","link":"https:\/\/raval.es\/elx\/fem-barri\/","title":{"rendered":"Fem Barri"},"content":{"rendered":"<div id=\"fb-root\"><\/div>\n<p>[et_pb_section fb_built=\u00bb1&#8243; fullwidth=\u00bbon\u00bb admin_label=\u00bbCall to Action\u00bb _builder_version=\u00bb3.0.85&#8243; animation_style=\u00bbslide\u00bb animation_direction=\u00bbbottom\u00bb animation_intensity_slide=\u00bb6%\u00bb animation_starting_opacity=\u00bb100%\u00bb locked=\u00bboff\u00bb][et_pb_fullwidth_header title=\u00bbfem barri\u00bb subhead=\u00bbprojecte de dinamitzaci\u00f3 ve\u00efnal\u00bb content_max_width=\u00bb800px\u00bb _builder_version=\u00bb3.17.6&#8243; title_level=\u00bbh2&#8243; title_font=\u00bbLobster||||||||\u00bb title_font_size=\u00bb70px\u00bb title_line_height=\u00bb1.2em\u00bb content_font=\u00bbLobster||||||||\u00bb content_font_size=\u00bb20px\u00bb content_line_height=\u00bb1.8em\u00bb subhead_font=\u00bbAmaranth||||||||\u00bb subhead_font_size=\u00bb24px\u00bb use_background_color_gradient=\u00bbon\u00bb background_color_gradient_start=\u00bbrgba(0,0,0,0.75)\u00bb background_color_gradient_end=\u00bbrgba(0,0,0,0)\u00bb background_color_gradient_direction=\u00bb90deg\u00bb background_color_gradient_overlays_image=\u00bbon\u00bb background_image=\u00bbhttp:\/\/raval.es\/elx\/wp-content\/uploads\/2018\/11\/capfembarri-1.jpg\u00bb custom_button_two=\u00bbon\u00bb button_two_text_size=\u00bb18px\u00bb button_two_text_color=\u00bb#353740&#8243; button_two_bg_color=\u00bb#ffffff\u00bb button_two_border_width=\u00bb8px\u00bb button_two_border_color=\u00bb#ffffff\u00bb button_two_border_radius=\u00bb0px\u00bb button_two_letter_spacing=\u00bb1px\u00bb button_two_font=\u00bbLato|700|||||||\u00bb button_two_use_icon=\u00bboff\u00bb custom_button_one=\u00bbon\u00bb button_one_text_size=\u00bb18px\u00bb button_one_bg_color=\u00bb#02d002&#8243; button_one_border_width=\u00bb8px\u00bb button_one_border_color=\u00bb#02d002&#8243; button_one_border_radius=\u00bb0px\u00bb button_one_letter_spacing=\u00bb1px\u00bb button_one_font=\u00bbLato|700|||||||\u00bb button_one_use_icon=\u00bboff\u00bb custom_margin=\u00bb|||\u00bb custom_padding=\u00bb8%||8%|\u00bb button_one_letter_spacing_hover=\u00bb1px\u00bb button_two_letter_spacing_hover=\u00bb1px\u00bb][\/et_pb_fullwidth_header][\/et_pb_section][et_pb_section fb_built=\u00bb1&#8243; _builder_version=\u00bb3.0.47&#8243;][et_pb_row _builder_version=\u00bb3.0.48&#8243; background_size=\u00bbinitial\u00bb background_position=\u00bbtop_left\u00bb background_repeat=\u00bbrepeat\u00bb][et_pb_column type=\u00bb1_3&#8243; _builder_version=\u00bb3.0.47&#8243; parallax=\u00bboff\u00bb parallax_method=\u00bbon\u00bb][et_pb_cta button_url=\u00bbhttp:\/\/raval.es\/elx\/fem-barri-raval-2018\/\u00bb button_text=\u00bbEL PROJECTE FEM BARRI 2018&#8243; _builder_version=\u00bb3.17.6&#8243;][\/et_pb_cta][\/et_pb_column][et_pb_column type=\u00bb1_3&#8243; _builder_version=\u00bb3.0.47&#8243; parallax=\u00bboff\u00bb parallax_method=\u00bbon\u00bb][et_pb_cta button_url=\u00bbhttp:\/\/raval.es\/elx\/latrobada2m18\/\u00bb button_text=\u00bbLA TROBADA D&#8217;ASSOCIACIONS\u00bb _builder_version=\u00bb3.17.6&#8243;][\/et_pb_cta][\/et_pb_column][et_pb_column type=\u00bb1_3&#8243; _builder_version=\u00bb3.0.47&#8243; parallax=\u00bboff\u00bb parallax_method=\u00bbon\u00bb][et_pb_cta title=\u00bbCOLABORA\u00bb button_text=\u00bbCOLABORADORS I PATROCINADORS\u00bb _builder_version=\u00bb3.17.6&#8243;][\/et_pb_cta][\/et_pb_column][\/et_pb_row][\/et_pb_section][et_pb_section fb_built=\u00bb1&#8243; admin_label=\u00bbEvent Section\u00bb _builder_version=\u00bb3.0.85&#8243; custom_padding=\u00bb100px||100px||false|false\u00bb animation_style=\u00bbzoom\u00bb animation_intensity_zoom=\u00bb6%\u00bb animation_starting_opacity=\u00bb100%\u00bb][et_pb_row use_custom_width=\u00bbon\u00bb custom_width_px=\u00bb1280px\u00bb use_custom_gutter=\u00bbon\u00bb gutter_width=\u00bb2&#8243; custom_padding=\u00bb40px|0px|40px|0px\u00bb admin_label=\u00bbEvent Info Area\u00bb _builder_version=\u00bb3.0.85&#8243;][et_pb_column type=\u00bb1_4&#8243; _builder_version=\u00bb3.0.47&#8243; parallax=\u00bboff\u00bb parallax_method=\u00bbon\u00bb][et_pb_image src=\u00bbhttp:\/\/raval.es\/elx\/wp-content\/uploads\/2018\/11\/europa.jpg\u00bb force_fullwidth=\u00bbon\u00bb _builder_version=\u00bb3.17.6&#8243;][\/et_pb_image][\/et_pb_column][et_pb_column type=\u00bb1_4&#8243; _builder_version=\u00bb3.0.47&#8243; parallax=\u00bboff\u00bb parallax_method=\u00bbon\u00bb][et_pb_text admin_label=\u00bbDate\u00bb _builder_version=\u00bb3.17.6&#8243; text_font=\u00bb|700||on|||||\u00bb text_text_color=\u00bb#8b96a1&#8243; text_letter_spacing=\u00bb1px\u00bb custom_margin=\u00bb||10px|\u00bb animation_direction=\u00bbleft\u00bb]<\/p>\n<p>24-25 mar\u00e7 2018<\/p>\n<p>[\/et_pb_text][et_pb_text admin_label=\u00bbTitle\u00bb _builder_version=\u00bb3.17.6&#8243; text_font=\u00bb||||||||\u00bb header_font=\u00bb||||||||\u00bb header_3_font=\u00bbLato||||||||\u00bb header_3_line_height=\u00bb1.4em\u00bb custom_margin=\u00bb||10px|\u00bb custom_padding=\u00bb|||\u00bb animation_direction=\u00bbleft\u00bb]<\/p>\n<h3>\u00abVivre la Ville\u00bb<\/h3>\n<p>[\/et_pb_text][et_pb_text _builder_version=\u00bb3.17.6&#8243; text_font=\u00bb||||||||\u00bb text_font_size=\u00bb16px\u00bb text_line_height=\u00bb1.8em\u00bb custom_margin=\u00bb||10px|\u00bb animation_direction=\u00bbleft\u00bb]<\/p>\n<p>Bruselas. Congr\u00e9s Europeu d&#8217;Associacions Ve\u00efnals<\/p>\n<p>[\/et_pb_text][et_pb_button button_text=\u00bbm\u00e9s info\u00bb _builder_version=\u00bb3.17.6&#8243; custom_button=\u00bbon\u00bb button_text_size=\u00bb18px\u00bb button_text_color=\u00bb#02d002&#8243; button_border_width=\u00bb0px\u00bb button_border_radius=\u00bb0px\u00bb button_letter_spacing=\u00bb1px\u00bb button_font=\u00bbLato|700|||||||\u00bb button_use_icon=\u00bboff\u00bb custom_margin=\u00bb|||\u00bb custom_padding=\u00bb0px|0px|0px|0px\u00bb animation_direction=\u00bbleft\u00bb button_text_color_hover=\u00bb#02d002&#8243; button_border_color_hover=\u00bbrgba(0,0,0,0)\u00bb button_border_radius_hover=\u00bb0px\u00bb button_letter_spacing_hover=\u00bb1px\u00bb button_bg_color_hover=\u00bbrgba(0,0,0,0)\u00bb button_text_size__hover_enabled=\u00bboff\u00bb button_text_size__hover=\u00bbnull\u00bb button_one_text_size__hover_enabled=\u00bboff\u00bb button_one_text_size__hover=\u00bbnull\u00bb button_two_text_size__hover_enabled=\u00bboff\u00bb button_two_text_size__hover=\u00bbnull\u00bb button_text_color__hover_enabled=\u00bbon\u00bb button_text_color__hover=\u00bb#02d002&#8243; button_one_text_color__hover_enabled=\u00bboff\u00bb button_one_text_color__hover=\u00bbnull\u00bb button_two_text_color__hover_enabled=\u00bboff\u00bb button_two_text_color__hover=\u00bbnull\u00bb button_border_width__hover_enabled=\u00bboff\u00bb button_border_width__hover=\u00bbnull\u00bb button_one_border_width__hover_enabled=\u00bboff\u00bb button_one_border_width__hover=\u00bbnull\u00bb button_two_border_width__hover_enabled=\u00bboff\u00bb button_two_border_width__hover=\u00bbnull\u00bb button_border_color__hover_enabled=\u00bbon\u00bb button_border_color__hover=\u00bbrgba(0,0,0,0)\u00bb button_one_border_color__hover_enabled=\u00bboff\u00bb button_one_border_color__hover=\u00bbnull\u00bb button_two_border_color__hover_enabled=\u00bboff\u00bb button_two_border_color__hover=\u00bbnull\u00bb button_border_radius__hover_enabled=\u00bbon\u00bb button_border_radius__hover=\u00bb0px\u00bb button_one_border_radius__hover_enabled=\u00bboff\u00bb button_one_border_radius__hover=\u00bbnull\u00bb button_two_border_radius__hover_enabled=\u00bboff\u00bb button_two_border_radius__hover=\u00bbnull\u00bb button_letter_spacing__hover_enabled=\u00bbon\u00bb button_letter_spacing__hover=\u00bb1px\u00bb button_one_letter_spacing__hover_enabled=\u00bboff\u00bb button_one_letter_spacing__hover=\u00bbnull\u00bb button_two_letter_spacing__hover_enabled=\u00bboff\u00bb button_two_letter_spacing__hover=\u00bbnull\u00bb button_bg_color__hover_enabled=\u00bbon\u00bb button_bg_color__hover=\u00bbrgba(0,0,0,0)\u00bb button_one_bg_color__hover_enabled=\u00bboff\u00bb button_one_bg_color__hover=\u00bbnull\u00bb button_two_bg_color__hover_enabled=\u00bboff\u00bb button_two_bg_color__hover=\u00bbnull\u00bb][\/et_pb_button][\/et_pb_column][et_pb_column type=\u00bb1_4&#8243; _builder_version=\u00bb3.0.47&#8243; parallax=\u00bboff\u00bb parallax_method=\u00bbon\u00bb][et_pb_image src=\u00bbhttp:\/\/raval.es\/elx\/wp-content\/uploads\/2018\/11\/wp.jpg\u00bb force_fullwidth=\u00bbon\u00bb _builder_version=\u00bb3.17.6&#8243;][\/et_pb_image][\/et_pb_column][et_pb_column type=\u00bb1_4&#8243; _builder_version=\u00bb3.0.47&#8243; parallax=\u00bboff\u00bb parallax_method=\u00bbon\u00bb][et_pb_text admin_label=\u00bbDate\u00bb _builder_version=\u00bb3.17.6&#8243; text_font=\u00bb|700||on|||||\u00bb text_text_color=\u00bb#8b96a1&#8243; text_letter_spacing=\u00bb1px\u00bb custom_margin=\u00bb||10px|\u00bb animation_direction=\u00bbleft\u00bb]<\/p>\n<p>Maig-Octubre 2018<\/p>\n<p>[\/et_pb_text][et_pb_text admin_label=\u00bbTitle\u00bb _builder_version=\u00bb3.17.6&#8243; text_font=\u00bb||||||||\u00bb header_font=\u00bb||||||||\u00bb header_3_font=\u00bbLato||||||||\u00bb header_3_line_height=\u00bb1.4em\u00bb custom_margin=\u00bb||10px|\u00bb custom_padding=\u00bb|||\u00bb animation_direction=\u00bbleft\u00bb]<\/p>\n<h3>Tallers de tecnologia de l\u2019informaci\u00f3 i del coneix\u00e8ment<\/h3>\n<p>[\/et_pb_text][et_pb_text _builder_version=\u00bb3.17.6&#8243; text_font=\u00bb||||||||\u00bb text_font_size=\u00bb16px\u00bb text_line_height=\u00bb1.8em\u00bb custom_margin=\u00bb||10px|\u00bb animation_direction=\u00bbleft\u00bb]<\/p>\n<ul>\n<li>Inform\u00e0tica b\u00e0sica (4 a 25 maig)<\/li>\n<li>\u00das del m\u00f2bil (Del 7 al 28 maig)<\/li>\n<li>Ferramentes del Google. (6 a 27 juny.)<\/li>\n<li>Xarxes socials (1-29 juny)<\/li>\n<li>WordPress (1 a 22 octubre)<\/li>\n<\/ul>\n<p>[\/et_pb_text][et_pb_button button_text=\u00bbm\u00e9s info\u00bb _builder_version=\u00bb3.17.6&#8243; custom_button=\u00bbon\u00bb button_text_size=\u00bb18px\u00bb button_text_color=\u00bb#02d002&#8243; button_border_width=\u00bb0px\u00bb button_border_radius=\u00bb0px\u00bb button_letter_spacing=\u00bb1px\u00bb button_font=\u00bbLato|700|||||||\u00bb button_use_icon=\u00bboff\u00bb custom_margin=\u00bb|||\u00bb custom_padding=\u00bb0px|0px|0px|0px\u00bb animation_direction=\u00bbleft\u00bb button_text_color_hover=\u00bb#02d002&#8243; button_border_color_hover=\u00bbrgba(0,0,0,0)\u00bb button_border_radius_hover=\u00bb0px\u00bb button_letter_spacing_hover=\u00bb1px\u00bb button_bg_color_hover=\u00bbrgba(0,0,0,0)\u00bb locked=\u00bboff\u00bb button_text_size__hover_enabled=\u00bboff\u00bb button_text_size__hover=\u00bbnull\u00bb button_one_text_size__hover_enabled=\u00bboff\u00bb button_one_text_size__hover=\u00bbnull\u00bb button_two_text_size__hover_enabled=\u00bboff\u00bb button_two_text_size__hover=\u00bbnull\u00bb button_text_color__hover_enabled=\u00bbon\u00bb button_text_color__hover=\u00bb#02d002&#8243; button_one_text_color__hover_enabled=\u00bboff\u00bb button_one_text_color__hover=\u00bbnull\u00bb button_two_text_color__hover_enabled=\u00bboff\u00bb button_two_text_color__hover=\u00bbnull\u00bb button_border_width__hover_enabled=\u00bboff\u00bb button_border_width__hover=\u00bbnull\u00bb button_one_border_width__hover_enabled=\u00bboff\u00bb button_one_border_width__hover=\u00bbnull\u00bb button_two_border_width__hover_enabled=\u00bboff\u00bb button_two_border_width__hover=\u00bbnull\u00bb button_border_color__hover_enabled=\u00bbon\u00bb button_border_color__hover=\u00bbrgba(0,0,0,0)\u00bb button_one_border_color__hover_enabled=\u00bboff\u00bb button_one_border_color__hover=\u00bbnull\u00bb button_two_border_color__hover_enabled=\u00bboff\u00bb button_two_border_color__hover=\u00bbnull\u00bb button_border_radius__hover_enabled=\u00bbon\u00bb button_border_radius__hover=\u00bb0px\u00bb button_one_border_radius__hover_enabled=\u00bboff\u00bb button_one_border_radius__hover=\u00bbnull\u00bb button_two_border_radius__hover_enabled=\u00bboff\u00bb button_two_border_radius__hover=\u00bbnull\u00bb button_letter_spacing__hover_enabled=\u00bbon\u00bb button_letter_spacing__hover=\u00bb1px\u00bb button_one_letter_spacing__hover_enabled=\u00bboff\u00bb button_one_letter_spacing__hover=\u00bbnull\u00bb button_two_letter_spacing__hover_enabled=\u00bboff\u00bb button_two_letter_spacing__hover=\u00bbnull\u00bb button_bg_color__hover_enabled=\u00bbon\u00bb button_bg_color__hover=\u00bbrgba(0,0,0,0)\u00bb button_one_bg_color__hover_enabled=\u00bboff\u00bb button_one_bg_color__hover=\u00bbnull\u00bb button_two_bg_color__hover_enabled=\u00bboff\u00bb button_two_bg_color__hover=\u00bbnull\u00bb][\/et_pb_button][\/et_pb_column][\/et_pb_row][et_pb_row use_custom_width=\u00bbon\u00bb custom_width_px=\u00bb1280px\u00bb use_custom_gutter=\u00bbon\u00bb gutter_width=\u00bb2&#8243; custom_padding=\u00bb40px|0px|40px|0px\u00bb admin_label=\u00bbEvent Info Area\u00bb _builder_version=\u00bb3.0.85&#8243;][et_pb_column type=\u00bb1_4&#8243; _builder_version=\u00bb3.0.47&#8243; parallax=\u00bboff\u00bb parallax_method=\u00bbon\u00bb][et_pb_image src=\u00bbhttp:\/\/raval.es\/elx\/wp-content\/uploads\/2018\/11\/reunio.jpg\u00bb force_fullwidth=\u00bbon\u00bb _builder_version=\u00bb3.17.6&#8243;][\/et_pb_image][\/et_pb_column][et_pb_column type=\u00bb1_4&#8243; _builder_version=\u00bb3.0.47&#8243; parallax=\u00bboff\u00bb parallax_method=\u00bbon\u00bb][et_pb_text admin_label=\u00bbDate\u00bb _builder_version=\u00bb3.17.6&#8243; text_font=\u00bb|700||on|||||\u00bb text_text_color=\u00bb#8b96a1&#8243; text_letter_spacing=\u00bb1px\u00bb custom_margin=\u00bb||10px|\u00bb animation_direction=\u00bbleft\u00bb]<\/p>\n<p>Gener-Febrer 2018<\/p>\n<p>[\/et_pb_text][et_pb_text admin_label=\u00bbTitle\u00bb _builder_version=\u00bb3.17.6&#8243; text_font=\u00bb||||||||\u00bb header_font=\u00bb||||||||\u00bb header_3_font=\u00bbLato||||||||\u00bb header_3_line_height=\u00bb1.4em\u00bb custom_margin=\u00bb||10px|\u00bb custom_padding=\u00bb|||\u00bb animation_direction=\u00bbleft\u00bb]<\/p>\n<h3>Tallers de din\u00e0miques de grup<\/h3>\n<p>[\/et_pb_text][et_pb_text _builder_version=\u00bb3.17.6&#8243; text_font=\u00bb||||||||\u00bb text_font_size=\u00bb16px\u00bb text_line_height=\u00bb1.8em\u00bb custom_margin=\u00bb||10px|\u00bb animation_direction=\u00bbleft\u00bb]<\/p>\n<ul>\n<li>Reunions efectives (10 a 24 gener)<\/li>\n<li>L\u2019equip de treball el cor de l\u2019associaci\u00f3. Funcions, coordinaci\u00f3 i satisfacci\u00f3<br \/>(14 a 28 febrer)<\/li>\n<\/ul>\n<p>[\/et_pb_text][et_pb_button button_text=\u00bbm\u00e9s Info\u00bb _builder_version=\u00bb3.17.6&#8243; custom_button=\u00bbon\u00bb button_text_size=\u00bb18px\u00bb button_text_color=\u00bb#02d002&#8243; button_border_width=\u00bb0px\u00bb button_border_radius=\u00bb0px\u00bb button_letter_spacing=\u00bb1px\u00bb button_font=\u00bbLato|700|||||||\u00bb button_use_icon=\u00bboff\u00bb custom_margin=\u00bb|||\u00bb custom_padding=\u00bb0px|0px|0px|0px\u00bb animation_direction=\u00bbleft\u00bb button_text_color_hover=\u00bb#02d002&#8243; button_border_color_hover=\u00bbrgba(0,0,0,0)\u00bb button_border_radius_hover=\u00bb0px\u00bb button_letter_spacing_hover=\u00bb1px\u00bb button_bg_color_hover=\u00bbrgba(0,0,0,0)\u00bb locked=\u00bboff\u00bb button_text_size__hover_enabled=\u00bboff\u00bb button_text_size__hover=\u00bbnull\u00bb button_one_text_size__hover_enabled=\u00bboff\u00bb button_one_text_size__hover=\u00bbnull\u00bb button_two_text_size__hover_enabled=\u00bboff\u00bb button_two_text_size__hover=\u00bbnull\u00bb button_text_color__hover_enabled=\u00bbon\u00bb button_text_color__hover=\u00bb#02d002&#8243; button_one_text_color__hover_enabled=\u00bboff\u00bb button_one_text_color__hover=\u00bbnull\u00bb button_two_text_color__hover_enabled=\u00bboff\u00bb button_two_text_color__hover=\u00bbnull\u00bb button_border_width__hover_enabled=\u00bboff\u00bb button_border_width__hover=\u00bbnull\u00bb button_one_border_width__hover_enabled=\u00bboff\u00bb button_one_border_width__hover=\u00bbnull\u00bb button_two_border_width__hover_enabled=\u00bboff\u00bb button_two_border_width__hover=\u00bbnull\u00bb button_border_color__hover_enabled=\u00bbon\u00bb button_border_color__hover=\u00bbrgba(0,0,0,0)\u00bb button_one_border_color__hover_enabled=\u00bboff\u00bb button_one_border_color__hover=\u00bbnull\u00bb button_two_border_color__hover_enabled=\u00bboff\u00bb button_two_border_color__hover=\u00bbnull\u00bb button_border_radius__hover_enabled=\u00bbon\u00bb button_border_radius__hover=\u00bb0px\u00bb button_one_border_radius__hover_enabled=\u00bboff\u00bb button_one_border_radius__hover=\u00bbnull\u00bb button_two_border_radius__hover_enabled=\u00bboff\u00bb button_two_border_radius__hover=\u00bbnull\u00bb button_letter_spacing__hover_enabled=\u00bbon\u00bb button_letter_spacing__hover=\u00bb1px\u00bb button_one_letter_spacing__hover_enabled=\u00bboff\u00bb button_one_letter_spacing__hover=\u00bbnull\u00bb button_two_letter_spacing__hover_enabled=\u00bboff\u00bb button_two_letter_spacing__hover=\u00bbnull\u00bb button_bg_color__hover_enabled=\u00bbon\u00bb button_bg_color__hover=\u00bbrgba(0,0,0,0)\u00bb button_one_bg_color__hover_enabled=\u00bboff\u00bb button_one_bg_color__hover=\u00bbnull\u00bb button_two_bg_color__hover_enabled=\u00bboff\u00bb button_two_bg_color__hover=\u00bbnull\u00bb][\/et_pb_button][\/et_pb_column][et_pb_column type=\u00bb1_4&#8243; _builder_version=\u00bb3.0.47&#8243; parallax=\u00bboff\u00bb parallax_method=\u00bbon\u00bb][et_pb_image src=\u00bbhttp:\/\/raval.es\/elx\/wp-content\/uploads\/2018\/11\/taulap.jpg\u00bb force_fullwidth=\u00bbon\u00bb _builder_version=\u00bb3.17.6&#8243;][\/et_pb_image][\/et_pb_column][et_pb_column type=\u00bb1_4&#8243; _builder_version=\u00bb3.0.47&#8243; parallax=\u00bboff\u00bb parallax_method=\u00bbon\u00bb][et_pb_text admin_label=\u00bbDate\u00bb _builder_version=\u00bb3.0.83&#8243; text_font=\u00bb|700||on|||||\u00bb text_text_color=\u00bb#8b96a1&#8243; text_letter_spacing=\u00bb1px\u00bb custom_margin=\u00bb||10px|\u00bb animation_direction=\u00bbleft\u00bb]<\/p>\n<p>TOT L&#8217;ANY<\/p>\n<p>[\/et_pb_text][et_pb_text admin_label=\u00bbTitle\u00bb _builder_version=\u00bb3.17.6&#8243; text_font=\u00bb||||||||\u00bb header_font=\u00bb||||||||\u00bb header_3_font=\u00bbLato||||||||\u00bb header_3_line_height=\u00bb1.4em\u00bb custom_margin=\u00bb||10px|\u00bb custom_padding=\u00bb|||\u00bb animation_direction=\u00bbleft\u00bb]<\/p>\n<h3>Promoci\u00f3 de l&#8217;AV i captaci\u00f3 nous associats<\/h3>\n<p>[\/et_pb_text][et_pb_text _builder_version=\u00bb3.17.6&#8243; text_font=\u00bb||||||||\u00bb text_font_size=\u00bb16px\u00bb text_line_height=\u00bb1.8em\u00bb custom_margin=\u00bb||10px|\u00bb animation_direction=\u00bbleft\u00bb]<\/p>\n<ul>\n<li>Elaboraci\u00f3 d\u2019un formulari online i altre f\u00edsic per associar-se<\/li>\n<li>Elaboraci\u00f3 de merchandaising del projecte i de l\u2019associaci\u00f3<\/li>\n<li>Participaci\u00f3 amb una taula informativa en el mercat ecol\u00f2gic que s\u2019organitza el primer dissabte de mes a la Pl. del Raval (en colaboraci\u00f3 amb l\u2019ADR)<\/li>\n<li>Elaboraci\u00f3 d\u2019un fullet informatiu sobre l\u2019associaci\u00f3 ve\u00efnal<\/li>\n<\/ul>\n<p>[\/et_pb_text][et_pb_button button_text=\u00bbRegistration Info\u00bb _builder_version=\u00bb3.16&#8243; custom_button=\u00bbon\u00bb button_text_size=\u00bb18px\u00bb button_text_color=\u00bb#02d002&#8243; button_border_width=\u00bb0px\u00bb button_border_radius=\u00bb0px\u00bb button_letter_spacing=\u00bb1px\u00bb button_font=\u00bbLato|700|||||||\u00bb button_use_icon=\u00bboff\u00bb custom_margin=\u00bb|||\u00bb custom_padding=\u00bb0px|0px|0px|0px\u00bb animation_direction=\u00bbleft\u00bb button_text_color_hover=\u00bb#02d002&#8243; button_border_color_hover=\u00bbrgba(0,0,0,0)\u00bb button_border_radius_hover=\u00bb0px\u00bb button_letter_spacing_hover=\u00bb1px\u00bb button_bg_color_hover=\u00bbrgba(0,0,0,0)\u00bb locked=\u00bboff\u00bb button_text_size__hover_enabled=\u00bboff\u00bb button_text_size__hover=\u00bbnull\u00bb button_one_text_size__hover_enabled=\u00bboff\u00bb button_one_text_size__hover=\u00bbnull\u00bb button_two_text_size__hover_enabled=\u00bboff\u00bb button_two_text_size__hover=\u00bbnull\u00bb button_text_color__hover_enabled=\u00bbon\u00bb button_text_color__hover=\u00bb#02d002&#8243; button_one_text_color__hover_enabled=\u00bboff\u00bb button_one_text_color__hover=\u00bbnull\u00bb button_two_text_color__hover_enabled=\u00bboff\u00bb button_two_text_color__hover=\u00bbnull\u00bb button_border_width__hover_enabled=\u00bboff\u00bb button_border_width__hover=\u00bbnull\u00bb button_one_border_width__hover_enabled=\u00bboff\u00bb button_one_border_width__hover=\u00bbnull\u00bb button_two_border_width__hover_enabled=\u00bboff\u00bb button_two_border_width__hover=\u00bbnull\u00bb button_border_color__hover_enabled=\u00bbon\u00bb button_border_color__hover=\u00bbrgba(0,0,0,0)\u00bb button_one_border_color__hover_enabled=\u00bboff\u00bb button_one_border_color__hover=\u00bbnull\u00bb button_two_border_color__hover_enabled=\u00bboff\u00bb button_two_border_color__hover=\u00bbnull\u00bb button_border_radius__hover_enabled=\u00bbon\u00bb button_border_radius__hover=\u00bb0px\u00bb button_one_border_radius__hover_enabled=\u00bboff\u00bb button_one_border_radius__hover=\u00bbnull\u00bb button_two_border_radius__hover_enabled=\u00bboff\u00bb button_two_border_radius__hover=\u00bbnull\u00bb button_letter_spacing__hover_enabled=\u00bbon\u00bb button_letter_spacing__hover=\u00bb1px\u00bb button_one_letter_spacing__hover_enabled=\u00bboff\u00bb button_one_letter_spacing__hover=\u00bbnull\u00bb button_two_letter_spacing__hover_enabled=\u00bboff\u00bb button_two_letter_spacing__hover=\u00bbnull\u00bb button_bg_color__hover_enabled=\u00bbon\u00bb button_bg_color__hover=\u00bbrgba(0,0,0,0)\u00bb button_one_bg_color__hover_enabled=\u00bboff\u00bb button_one_bg_color__hover=\u00bbnull\u00bb button_two_bg_color__hover_enabled=\u00bboff\u00bb button_two_bg_color__hover=\u00bbnull\u00bb][\/et_pb_button][\/et_pb_column][\/et_pb_row][et_pb_row use_custom_width=\u00bbon\u00bb custom_width_px=\u00bb1280px\u00bb use_custom_gutter=\u00bbon\u00bb gutter_width=\u00bb2&#8243; custom_padding=\u00bb40px|0px|40px|0px\u00bb admin_label=\u00bbEvent Info Area\u00bb _builder_version=\u00bb3.0.85&#8243;][et_pb_column type=\u00bb1_4&#8243; _builder_version=\u00bb3.0.47&#8243; parallax=\u00bboff\u00bb parallax_method=\u00bbon\u00bb][et_pb_image src=\u00bbhttp:\/\/raval.es\/elx\/wp-content\/uploads\/2018\/11\/xerrades.jpg\u00bb force_fullwidth=\u00bbon\u00bb _builder_version=\u00bb3.17.6&#8243;][\/et_pb_image][\/et_pb_column][et_pb_column type=\u00bb1_4&#8243; _builder_version=\u00bb3.0.47&#8243; parallax=\u00bboff\u00bb parallax_method=\u00bbon\u00bb][et_pb_text admin_label=\u00bbDate\u00bb _builder_version=\u00bb3.17.6&#8243; text_font=\u00bb|700||on|||||\u00bb text_text_color=\u00bb#8b96a1&#8243; text_letter_spacing=\u00bb1px\u00bb custom_margin=\u00bb||10px|\u00bb animation_direction=\u00bbleft\u00bb]<\/p>\n<p>GENER-NOVEMBRE<\/p>\n<p>[\/et_pb_text][et_pb_text admin_label=\u00bbTitle\u00bb _builder_version=\u00bb3.17.6&#8243; text_font=\u00bb||||||||\u00bb header_font=\u00bb||||||||\u00bb header_3_font=\u00bbLato||||||||\u00bb header_3_line_height=\u00bb1.4em\u00bb custom_margin=\u00bb||10px|\u00bb custom_padding=\u00bb|||\u00bb animation_direction=\u00bbleft\u00bb]<\/p>\n<h3>Mobilitat i Medi ambient<\/h3>\n<p>[\/et_pb_text][et_pb_text _builder_version=\u00bb3.17.6&#8243; text_font=\u00bb||||||||\u00bb text_font_size=\u00bb16px\u00bb text_line_height=\u00bb1.8em\u00bb custom_margin=\u00bb||10px|\u00bb animation_direction=\u00bbleft\u00bb]<\/p>\n<p>Tot un seguit de xerrades sobre el barri, tr\u00e0fic, medi ambient, patrimoni, nutrici\u00f3 i d&#8217;altres, cooperant amb diverses associacions locals i experts.<\/p>\n<p>[\/et_pb_text][et_pb_button button_text=\u00bbm\u00e9s Info\u00bb _builder_version=\u00bb3.17.6&#8243; custom_button=\u00bbon\u00bb button_text_size=\u00bb18px\u00bb button_text_color=\u00bb#02d002&#8243; button_border_width=\u00bb0px\u00bb button_border_radius=\u00bb0px\u00bb button_letter_spacing=\u00bb1px\u00bb button_font=\u00bbLato|700|||||||\u00bb button_use_icon=\u00bboff\u00bb custom_margin=\u00bb|||\u00bb custom_padding=\u00bb0px|0px|0px|0px\u00bb animation_direction=\u00bbleft\u00bb button_text_color_hover=\u00bb#02d002&#8243; button_border_color_hover=\u00bbrgba(0,0,0,0)\u00bb button_border_radius_hover=\u00bb0px\u00bb button_letter_spacing_hover=\u00bb1px\u00bb button_bg_color_hover=\u00bbrgba(0,0,0,0)\u00bb locked=\u00bboff\u00bb button_text_size__hover_enabled=\u00bboff\u00bb button_text_size__hover=\u00bbnull\u00bb button_one_text_size__hover_enabled=\u00bboff\u00bb button_one_text_size__hover=\u00bbnull\u00bb button_two_text_size__hover_enabled=\u00bboff\u00bb button_two_text_size__hover=\u00bbnull\u00bb button_text_color__hover_enabled=\u00bbon\u00bb button_text_color__hover=\u00bb#02d002&#8243; button_one_text_color__hover_enabled=\u00bboff\u00bb button_one_text_color__hover=\u00bbnull\u00bb button_two_text_color__hover_enabled=\u00bboff\u00bb button_two_text_color__hover=\u00bbnull\u00bb button_border_width__hover_enabled=\u00bboff\u00bb button_border_width__hover=\u00bbnull\u00bb button_one_border_width__hover_enabled=\u00bboff\u00bb button_one_border_width__hover=\u00bbnull\u00bb button_two_border_width__hover_enabled=\u00bboff\u00bb button_two_border_width__hover=\u00bbnull\u00bb button_border_color__hover_enabled=\u00bbon\u00bb button_border_color__hover=\u00bbrgba(0,0,0,0)\u00bb button_one_border_color__hover_enabled=\u00bboff\u00bb button_one_border_color__hover=\u00bbnull\u00bb button_two_border_color__hover_enabled=\u00bboff\u00bb button_two_border_color__hover=\u00bbnull\u00bb button_border_radius__hover_enabled=\u00bbon\u00bb button_border_radius__hover=\u00bb0px\u00bb button_one_border_radius__hover_enabled=\u00bboff\u00bb button_one_border_radius__hover=\u00bbnull\u00bb button_two_border_radius__hover_enabled=\u00bboff\u00bb button_two_border_radius__hover=\u00bbnull\u00bb button_letter_spacing__hover_enabled=\u00bbon\u00bb button_letter_spacing__hover=\u00bb1px\u00bb button_one_letter_spacing__hover_enabled=\u00bboff\u00bb button_one_letter_spacing__hover=\u00bbnull\u00bb button_two_letter_spacing__hover_enabled=\u00bboff\u00bb button_two_letter_spacing__hover=\u00bbnull\u00bb button_bg_color__hover_enabled=\u00bbon\u00bb button_bg_color__hover=\u00bbrgba(0,0,0,0)\u00bb button_one_bg_color__hover_enabled=\u00bboff\u00bb button_one_bg_color__hover=\u00bbnull\u00bb button_two_bg_color__hover_enabled=\u00bboff\u00bb button_two_bg_color__hover=\u00bbnull\u00bb][\/et_pb_button][\/et_pb_column][et_pb_column type=\u00bb1_4&#8243; _builder_version=\u00bb3.0.47&#8243; parallax=\u00bboff\u00bb parallax_method=\u00bbon\u00bb][et_pb_image src=\u00bbhttp:\/\/raval.es\/elx\/wp-content\/uploads\/2018\/10\/figures.png\u00bb force_fullwidth=\u00bbon\u00bb _builder_version=\u00bb3.17.6&#8243;][\/et_pb_image][\/et_pb_column][et_pb_column type=\u00bb1_4&#8243; _builder_version=\u00bb3.0.47&#8243; parallax=\u00bboff\u00bb parallax_method=\u00bbon\u00bb][et_pb_text admin_label=\u00bbDate\u00bb _builder_version=\u00bb3.0.83&#8243; text_font=\u00bb|700||on|||||\u00bb text_text_color=\u00bb#8b96a1&#8243; text_letter_spacing=\u00bb1px\u00bb custom_margin=\u00bb||10px|\u00bb animation_direction=\u00bbleft\u00bb]<\/p>\n<p>22-29 Sep 2018<\/p>\n<p>[\/et_pb_text][et_pb_text admin_label=\u00bbTitle\u00bb _builder_version=\u00bb3.0.83&#8243; text_font=\u00bb||||||||\u00bb header_font=\u00bb||||||||\u00bb header_3_font=\u00bbLato||||||||\u00bb header_3_line_height=\u00bb1.4em\u00bb custom_margin=\u00bb||10px|\u00bb custom_padding=\u00bb|||\u00bb animation_direction=\u00bbleft\u00bb]<\/p>\n<h3>Trobada d&#8217;Associacions<\/h3>\n<p>[\/et_pb_text][et_pb_text _builder_version=\u00bb3.0.83&#8243; text_font=\u00bb||||||||\u00bb text_font_size=\u00bb16px\u00bb text_line_height=\u00bb1.8em\u00bb custom_margin=\u00bb||10px|\u00bb animation_direction=\u00bbleft\u00bb]<\/p>\n<p>Un punt d&#8217;informaci\u00f3 i promoci\u00f3 de l&#8217;asssociacionisme i de les distintes accions socials que aquestes entitats estan desenvolupant<\/p>\n<p>[\/et_pb_text][et_pb_button button_text=\u00bbm\u00e9s info\u00bb _builder_version=\u00bb3.17.6&#8243; custom_button=\u00bbon\u00bb button_text_size=\u00bb18px\u00bb button_text_color=\u00bb#02d002&#8243; button_border_width=\u00bb0px\u00bb button_border_radius=\u00bb0px\u00bb button_letter_spacing=\u00bb1px\u00bb button_font=\u00bbLato|700|||||||\u00bb button_use_icon=\u00bboff\u00bb custom_margin=\u00bb|||\u00bb custom_padding=\u00bb0px|0px|0px|0px\u00bb animation_direction=\u00bbleft\u00bb button_text_color_hover=\u00bb#02d002&#8243; button_border_color_hover=\u00bbrgba(0,0,0,0)\u00bb button_border_radius_hover=\u00bb0px\u00bb button_letter_spacing_hover=\u00bb1px\u00bb button_bg_color_hover=\u00bbrgba(0,0,0,0)\u00bb locked=\u00bboff\u00bb button_text_size__hover_enabled=\u00bboff\u00bb button_text_size__hover=\u00bbnull\u00bb button_one_text_size__hover_enabled=\u00bboff\u00bb button_one_text_size__hover=\u00bbnull\u00bb button_two_text_size__hover_enabled=\u00bboff\u00bb button_two_text_size__hover=\u00bbnull\u00bb button_text_color__hover_enabled=\u00bbon\u00bb button_text_color__hover=\u00bb#02d002&#8243; button_one_text_color__hover_enabled=\u00bboff\u00bb button_one_text_color__hover=\u00bbnull\u00bb button_two_text_color__hover_enabled=\u00bboff\u00bb button_two_text_color__hover=\u00bbnull\u00bb button_border_width__hover_enabled=\u00bboff\u00bb button_border_width__hover=\u00bbnull\u00bb button_one_border_width__hover_enabled=\u00bboff\u00bb button_one_border_width__hover=\u00bbnull\u00bb button_two_border_width__hover_enabled=\u00bboff\u00bb button_two_border_width__hover=\u00bbnull\u00bb button_border_color__hover_enabled=\u00bbon\u00bb button_border_color__hover=\u00bbrgba(0,0,0,0)\u00bb button_one_border_color__hover_enabled=\u00bboff\u00bb button_one_border_color__hover=\u00bbnull\u00bb button_two_border_color__hover_enabled=\u00bboff\u00bb button_two_border_color__hover=\u00bbnull\u00bb button_border_radius__hover_enabled=\u00bbon\u00bb button_border_radius__hover=\u00bb0px\u00bb button_one_border_radius__hover_enabled=\u00bboff\u00bb button_one_border_radius__hover=\u00bbnull\u00bb button_two_border_radius__hover_enabled=\u00bboff\u00bb button_two_border_radius__hover=\u00bbnull\u00bb button_letter_spacing__hover_enabled=\u00bbon\u00bb button_letter_spacing__hover=\u00bb1px\u00bb button_one_letter_spacing__hover_enabled=\u00bboff\u00bb button_one_letter_spacing__hover=\u00bbnull\u00bb button_two_letter_spacing__hover_enabled=\u00bboff\u00bb button_two_letter_spacing__hover=\u00bbnull\u00bb button_bg_color__hover_enabled=\u00bbon\u00bb button_bg_color__hover=\u00bbrgba(0,0,0,0)\u00bb button_one_bg_color__hover_enabled=\u00bboff\u00bb button_one_bg_color__hover=\u00bbnull\u00bb button_two_bg_color__hover_enabled=\u00bboff\u00bb button_two_bg_color__hover=\u00bbnull\u00bb button_url=\u00bbhttp:\/\/raval.es\/elx\/la-trobada-dassociacions-2018\/\u00bb][\/et_pb_button][\/et_pb_column][\/et_pb_row][\/et_pb_section][et_pb_section fb_built=\u00bb1&#8243; admin_label=\u00bbSponsors Section\u00bb _builder_version=\u00bb3.0.83&#8243; custom_padding=\u00bb90px||90px|\u00bb][et_pb_row admin_label=\u00bbBlog Title Area\u00bb _builder_version=\u00bb3.0.83&#8243; locked=\u00bboff\u00bb][et_pb_column type=\u00bb4_4&#8243; _builder_version=\u00bb3.0.47&#8243; parallax=\u00bboff\u00bb parallax_method=\u00bbon\u00bb][et_pb_text admin_label=\u00bbTitle\u00bb _builder_version=\u00bb3.0.85&#8243; text_font=\u00bb||||||||\u00bb header_font=\u00bb||||||||\u00bb header_2_font=\u00bbLato||||||||\u00bb header_2_font_size=\u00bb36px\u00bb header_2_line_height=\u00bb1.5em\u00bb text_orientation=\u00bbcenter\u00bb max_width=\u00bb700px\u00bb module_alignment=\u00bbcenter\u00bb custom_padding=\u00bb|||\u00bb animation_direction=\u00bbleft\u00bb]<\/p>\n<h2>un especial agra\u00efment pel seu suport a<\/h2>\n<p>[\/et_pb_text][\/et_pb_column][\/et_pb_row][et_pb_row admin_label=\u00bbSponsors\u00bb _builder_version=\u00bb3.0.85&#8243;][et_pb_column type=\u00bb1_4&#8243; _builder_version=\u00bb3.0.47&#8243; parallax=\u00bboff\u00bb parallax_method=\u00bbon\u00bb][et_pb_image src=\u00bbhttp:\/\/raval.es\/elx\/wp-content\/uploads\/2018\/10\/GVAlogo.png\u00bb url=\u00bbhttp:\/\/www.transparencia.gva.es\/es\u00bb force_fullwidth=\u00bbon\u00bb admin_label=\u00bbSponsor Logo\u00bb _builder_version=\u00bb3.17.6&#8243;][\/et_pb_image][\/et_pb_column][et_pb_column type=\u00bb1_4&#8243; _builder_version=\u00bb3.0.47&#8243; parallax=\u00bboff\u00bb parallax_method=\u00bbon\u00bb][et_pb_image src=\u00bbhttp:\/\/raval.es\/elx\/wp-content\/uploads\/2018\/10\/elxparticipa.png\u00bb url=\u00bbhttp:\/\/www.elche.es\/va\/participacio-ciutadana\/\u00bb align=\u00bbcenter\u00bb admin_label=\u00bbSponsor Logo\u00bb _builder_version=\u00bb3.17.6&#8243; max_width=\u00bb70%\u00bb locked=\u00bboff\u00bb][\/et_pb_image][\/et_pb_column][et_pb_column type=\u00bb1_4&#8243; _builder_version=\u00bb3.0.47&#8243; parallax=\u00bboff\u00bb parallax_method=\u00bbon\u00bb][et_pb_image src=\u00bbhttp:\/\/raval.es\/elx\/wp-content\/uploads\/2018\/10\/ajuntament.png\u00bb url=\u00bbhttp:\/\/www.elche.es\/bienestar-social\/\u00bb admin_label=\u00bbSponsor Logo\u00bb _builder_version=\u00bb3.17.6&#8243; locked=\u00bboff\u00bb][\/et_pb_image][\/et_pb_column][et_pb_column type=\u00bb1_4&#8243; _builder_version=\u00bb3.0.47&#8243; parallax=\u00bboff\u00bb parallax_method=\u00bbon\u00bb][et_pb_image src=\u00bbhttp:\/\/raval.es\/elx\/wp-content\/uploads\/2018\/10\/fed.AVV_.jpg\u00bb url=\u00bbhttps:\/\/aavvfederacionelche.wordpress.com\/\u00bb align=\u00bbcenter\u00bb admin_label=\u00bbSponsor Logo\u00bb _builder_version=\u00bb3.17.6&#8243; max_width=\u00bb61%\u00bb locked=\u00bboff\u00bb][\/et_pb_image][\/et_pb_column][\/et_pb_row][et_pb_row custom_padding=\u00bb4px|0px|24.45px|0px|false|false\u00bb admin_label=\u00bbBlog Title Area\u00bb _builder_version=\u00bb3.0.83&#8243; locked=\u00bboff\u00bb][et_pb_column type=\u00bb4_4&#8243; _builder_version=\u00bb3.0.47&#8243; parallax=\u00bboff\u00bb parallax_method=\u00bbon\u00bb][et_pb_text admin_label=\u00bbTitle\u00bb _builder_version=\u00bb3.0.85&#8243; text_font=\u00bb||||||||\u00bb header_font=\u00bb||||||||\u00bb header_2_font=\u00bbLato||||||||\u00bb header_2_font_size=\u00bb36px\u00bb header_2_line_height=\u00bb1.5em\u00bb text_orientation=\u00bbcenter\u00bb max_width=\u00bb700px\u00bb module_alignment=\u00bbcenter\u00bb custom_padding=\u00bb|||\u00bb animation_direction=\u00bbleft\u00bb]<\/p>\n<h2>i tamb\u00e9 per les associacions <br \/>que tant ens han aportat al projecte<\/h2>\n<p>[\/et_pb_text][\/et_pb_column][\/et_pb_row][et_pb_row admin_label=\u00bbSponsors\u00bb _builder_version=\u00bb3.0.85&#8243;][et_pb_column type=\u00bb1_4&#8243; _builder_version=\u00bb3.0.47&#8243; parallax=\u00bboff\u00bb parallax_method=\u00bbon\u00bb][et_pb_image src=\u00bbhttp:\/\/raval.es\/elx\/wp-content\/uploads\/2018\/10\/ABAE-logo.png\u00bb url=\u00bbhttp:\/\/www.transparencia.gva.es\/es\u00bb force_fullwidth=\u00bbon\u00bb admin_label=\u00bbSponsor Logo\u00bb _builder_version=\u00bb3.17.6&#8243;][\/et_pb_image][et_pb_image src=\u00bbhttp:\/\/raval.es\/elx\/wp-content\/uploads\/2018\/04\/CIDARIS-MUPE.png\u00bb url=\u00bbhttp:\/\/www.transparencia.gva.es\/es\u00bb force_fullwidth=\u00bbon\u00bb admin_label=\u00bbSponsor Logo\u00bb _builder_version=\u00bb3.17.6&#8243;][\/et_pb_image][\/et_pb_column][et_pb_column type=\u00bb1_4&#8243; _builder_version=\u00bb3.0.47&#8243; parallax=\u00bboff\u00bb parallax_method=\u00bbon\u00bb][et_pb_image src=\u00bbhttp:\/\/raval.es\/elx\/wp-content\/uploads\/2018\/02\/alonis-imag.jpg\u00bb url=\u00bbhttp:\/\/www.elche.es\/va\/participacio-ciutadana\/\u00bb align=\u00bbcenter\u00bb admin_label=\u00bbSponsor Logo\u00bb _builder_version=\u00bb3.17.6&#8243; max_width=\u00bb70%\u00bb locked=\u00bboff\u00bb][\/et_pb_image][et_pb_image src=\u00bbhttp:\/\/raval.es\/elx\/wp-content\/uploads\/2018\/04\/esperanto-logo.jpg\u00bb url=\u00bbhttp:\/\/www.elche.es\/va\/participacio-ciutadana\/\u00bb align=\u00bbcenter\u00bb admin_label=\u00bbSponsor Logo\u00bb _builder_version=\u00bb3.17.6&#8243; max_width=\u00bb40%\u00bb locked=\u00bboff\u00bb][\/et_pb_image][\/et_pb_column][et_pb_column type=\u00bb1_4&#8243; _builder_version=\u00bb3.0.47&#8243; parallax=\u00bboff\u00bb parallax_method=\u00bbon\u00bb][et_pb_image src=\u00bbhttp:\/\/raval.es\/elx\/wp-content\/uploads\/2018\/10\/toubabs_teamlogo.png\u00bb url=\u00bbhttp:\/\/www.elche.es\/bienestar-social\/\u00bb admin_label=\u00bbSponsor Logo\u00bb _builder_version=\u00bb3.17.6&#8243; locked=\u00bboff\u00bb][\/et_pb_image][et_pb_image src=\u00bbhttp:\/\/raval.es\/elx\/wp-content\/uploads\/2018\/03\/AHSA-LINEA.jpg\u00bb url=\u00bbhttp:\/\/www.elche.es\/bienestar-social\/\u00bb admin_label=\u00bbSponsor Logo\u00bb _builder_version=\u00bb3.17.6&#8243; max_width=\u00bb50%\u00bb locked=\u00bboff\u00bb][\/et_pb_image][\/et_pb_column][et_pb_column type=\u00bb1_4&#8243; _builder_version=\u00bb3.0.47&#8243; parallax=\u00bboff\u00bb parallax_method=\u00bbon\u00bb][et_pb_image src=\u00bbhttp:\/\/raval.es\/elx\/wp-content\/uploads\/2018\/05\/refugiados-elxp.jpg\u00bb url=\u00bbhttps:\/\/aavvfederacionelche.wordpress.com\/\u00bb align=\u00bbcenter\u00bb admin_label=\u00bbSponsor Logo\u00bb _builder_version=\u00bb3.17.6&#8243; max_width=\u00bb61%\u00bb locked=\u00bboff\u00bb][\/et_pb_image][et_pb_image src=\u00bbhttp:\/\/raval.es\/elx\/wp-content\/uploads\/2018\/03\/LogoCooperativa500px.jpg\u00bb url=\u00bbhttps:\/\/aavvfederacionelche.wordpress.com\/\u00bb align=\u00bbcenter\u00bb admin_label=\u00bbSponsor Logo\u00bb _builder_version=\u00bb3.17.6&#8243; max_width=\u00bb61%\u00bb locked=\u00bboff\u00bb][\/et_pb_image][\/et_pb_column][\/et_pb_row][\/et_pb_section][et_pb_section fb_built=\u00bb1&#8243; fullwidth=\u00bbon\u00bb admin_label=\u00bbCall to Action\u00bb _builder_version=\u00bb3.17.6&#8243; animation_style=\u00bbslide\u00bb animation_direction=\u00bbbottom\u00bb animation_intensity_slide=\u00bb6%\u00bb animation_starting_opacity=\u00bb100%\u00bb locked=\u00bboff\u00bb][et_pb_fullwidth_header title=\u00bbGr\u00e0cies. Entre tot*s, fem barri\u00bb content_max_width=\u00bb800px\u00bb _builder_version=\u00bb3.17.6&#8243; title_level=\u00bbh2&#8243; title_font=\u00bbLato||||||||\u00bb title_font_size=\u00bb60px\u00bb title_line_height=\u00bb1.2em\u00bb content_font=\u00bb||||||||\u00bb content_font_size=\u00bb20px\u00bb content_line_height=\u00bb1.8em\u00bb background_color=\u00bbrgba(255,255,255,0)\u00bb use_background_color_gradient=\u00bbon\u00bb background_color_gradient_start=\u00bbrgba(0,0,0,0.75)\u00bb background_color_gradient_end=\u00bbrgba(0,0,0,0)\u00bb background_color_gradient_direction=\u00bb90deg\u00bb background_color_gradient_overlays_image=\u00bbon\u00bb background_image=\u00bbhttp:\/\/raval.es\/elx\/wp-content\/uploads\/2018\/11\/baix.jpg\u00bb custom_button_two=\u00bbon\u00bb button_two_text_size=\u00bb18px\u00bb button_two_text_color=\u00bb#353740&#8243; button_two_bg_color=\u00bb#ffffff\u00bb button_two_border_width=\u00bb8px\u00bb button_two_border_color=\u00bb#ffffff\u00bb button_two_border_radius=\u00bb0px\u00bb button_two_letter_spacing=\u00bb1px\u00bb button_two_font=\u00bbLato|700|||||||\u00bb button_two_use_icon=\u00bboff\u00bb custom_button_one=\u00bbon\u00bb button_one_text_size=\u00bb18px\u00bb button_one_bg_color=\u00bb#02d002&#8243; button_one_border_width=\u00bb8px\u00bb button_one_border_color=\u00bb#02d002&#8243; button_one_border_radius=\u00bb0px\u00bb button_one_letter_spacing=\u00bb1px\u00bb button_one_font=\u00bbLato|700|||||||\u00bb button_one_use_icon=\u00bboff\u00bb custom_margin=\u00bb|||\u00bb custom_padding=\u00bb8%||8%|\u00bb button_one_letter_spacing_hover=\u00bb1px\u00bb button_two_letter_spacing_hover=\u00bb1px\u00bb button_one_text_size__hover_enabled=\u00bboff\u00bb button_one_text_size__hover=\u00bbnull\u00bb button_two_text_size__hover_enabled=\u00bboff\u00bb button_two_text_size__hover=\u00bbnull\u00bb button_one_text_color__hover_enabled=\u00bboff\u00bb button_one_text_color__hover=\u00bbnull\u00bb button_two_text_color__hover_enabled=\u00bboff\u00bb button_two_text_color__hover=\u00bbnull\u00bb button_one_border_width__hover_enabled=\u00bboff\u00bb button_one_border_width__hover=\u00bbnull\u00bb button_two_border_width__hover_enabled=\u00bboff\u00bb button_two_border_width__hover=\u00bbnull\u00bb button_one_border_color__hover_enabled=\u00bboff\u00bb button_one_border_color__hover=\u00bbnull\u00bb button_two_border_color__hover_enabled=\u00bboff\u00bb button_two_border_color__hover=\u00bbnull\u00bb button_one_border_radius__hover_enabled=\u00bboff\u00bb button_one_border_radius__hover=\u00bbnull\u00bb button_two_border_radius__hover_enabled=\u00bboff\u00bb button_two_border_radius__hover=\u00bbnull\u00bb button_one_letter_spacing__hover_enabled=\u00bbon\u00bb button_one_letter_spacing__hover=\u00bb1px\u00bb button_two_letter_spacing__hover_enabled=\u00bbon\u00bb button_two_letter_spacing__hover=\u00bb1px\u00bb button_one_bg_color__hover_enabled=\u00bboff\u00bb button_one_bg_color__hover=\u00bbnull\u00bb button_two_bg_color__hover_enabled=\u00bboff\u00bb button_two_bg_color__hover=\u00bbnull\u00bb][\/et_pb_fullwidth_header][\/et_pb_section]<\/p>\n","protected":false},"excerpt":{"rendered":"<p>24-25 mar\u00e7 2018 \u00abVivre la Ville\u00bb Bruselas. Congr\u00e9s Europeu d&#8217;Associacions Ve\u00efnals Maig-Octubre 2018 Tallers de tecnologia de l\u2019informaci\u00f3 i del coneix\u00e8ment Inform\u00e0tica b\u00e0sica (4 a 25 maig) \u00das del m\u00f2bil (Del 7 al 28 maig) Ferramentes del Google. (6 a 27 juny.) Xarxes socials (1-29 juny) Wordpress (1 a 22 octubre) Gener-Febrer 2018 Tallers de [&hellip;]<\/p>\n","protected":false},"author":1,"featured_media":0,"parent":0,"menu_order":0,"comment_status":"closed","ping_status":"closed","template":"","meta":{"_et_pb_use_builder":"on","_et_pb_old_content":"","_et_gb_content_width":"","_joinchat":[],"footnotes":""},"class_list":["post-2484","page","type-page","status-publish","hentry"],"_links":{"self":[{"href":"https:\/\/raval.es\/elx\/wp-json\/wp\/v2\/pages\/2484","targetHints":{"allow":["GET"]}}],"collection":[{"href":"https:\/\/raval.es\/elx\/wp-json\/wp\/v2\/pages"}],"about":[{"href":"https:\/\/raval.es\/elx\/wp-json\/wp\/v2\/types\/page"}],"author":[{"embeddable":true,"href":"https:\/\/raval.es\/elx\/wp-json\/wp\/v2\/users\/1"}],"replies":[{"embeddable":true,"href":"https:\/\/raval.es\/elx\/wp-json\/wp\/v2\/comments?post=2484"}],"version-history":[{"count":10,"href":"https:\/\/raval.es\/elx\/wp-json\/wp\/v2\/pages\/2484\/revisions"}],"predecessor-version":[{"id":3203,"href":"https:\/\/raval.es\/elx\/wp-json\/wp\/v2\/pages\/2484\/revisions\/3203"}],"wp:attachment":[{"href":"https:\/\/raval.es\/elx\/wp-json\/wp\/v2\/media?parent=2484"}],"curies":[{"name":"wp","href":"https:\/\/api.w.org\/{rel}","templated":true}]}}