{"id":2510,"date":"2018-11-05T22:21:11","date_gmt":"2018-11-05T22:21:11","guid":{"rendered":"http:\/\/raval.es\/elx\/?page_id=2510"},"modified":"2018-11-06T01:05:10","modified_gmt":"2018-11-06T01:05:10","slug":"fem-barri-raval-2018","status":"publish","type":"page","link":"https:\/\/raval.es\/elx\/fem-barri-raval-2018\/","title":{"rendered":"Projecte Fem Barri (Raval 2018)"},"content":{"rendered":"<div id=\"fb-root\"><\/div>\n<p>[et_pb_section fb_built=\u00bb1&#8243; fullwidth=\u00bbon\u00bb _builder_version=\u00bb3.0.85&#8243; animation_style=\u00bbslide\u00bb animation_direction=\u00bbtop\u00bb animation_intensity_slide=\u00bb2%\u00bb animation_starting_opacity=\u00bb100%\u00bb][et_pb_fullwidth_header title=\u00bbfem barri\u00bb subhead=\u00bbEL PROJECTE\u00bb content_max_width=\u00bb800px\u00bb _builder_version=\u00bb3.17.6&#8243; title_level=\u00bbh2&#8243; title_font=\u00bbLobster||||||||\u00bb title_font_size=\u00bb72px\u00bb title_line_height=\u00bb1.2em\u00bb content_font_size=\u00bb20px\u00bb content_line_height=\u00bb1.8em\u00bb subhead_font=\u00bbAmaranth||||||||\u00bb subhead_font_size=\u00bb24px\u00bb background_color=\u00bbrgba(255, 255, 255, 0)\u00bb use_background_color_gradient=\u00bbon\u00bb background_color_gradient_start=\u00bbrgba(0,0,0,0.75)\u00bb background_color_gradient_end=\u00bbrgba(0,0,0,0)\u00bb background_color_gradient_direction=\u00bb90deg\u00bb background_color_gradient_overlays_image=\u00bbon\u00bb background_image=\u00bbhttp:\/\/raval.es\/elx\/wp-content\/uploads\/2018\/11\/capfembarri-1.jpg\u00bb custom_button_two=\u00bbon\u00bb button_two_text_size=\u00bb18px\u00bb button_two_text_color=\u00bb#353740&#8243; button_two_bg_color=\u00bb#ffffff\u00bb button_two_border_width=\u00bb8px\u00bb button_two_border_color=\u00bb#ffffff\u00bb button_two_border_radius=\u00bb0px\u00bb button_two_letter_spacing=\u00bb1px\u00bb button_two_font=\u00bbLato|700|||||||\u00bb button_two_use_icon=\u00bboff\u00bb custom_button_one=\u00bbon\u00bb button_one_text_size=\u00bb18px\u00bb button_one_bg_color=\u00bb#02d002&#8243; button_one_border_width=\u00bb8px\u00bb button_one_border_color=\u00bb#02d002&#8243; button_one_border_radius=\u00bb0px\u00bb button_one_letter_spacing=\u00bb1px\u00bb button_one_font=\u00bbLato|700|||||||\u00bb button_one_use_icon=\u00bboff\u00bb custom_margin=\u00bb|||\u00bb custom_padding=\u00bb8%||8%|\u00bb locked=\u00bboff\u00bb button_one_text_size__hover_enabled=\u00bboff\u00bb button_one_text_size__hover=\u00bbnull\u00bb button_two_text_size__hover_enabled=\u00bboff\u00bb button_two_text_size__hover=\u00bbnull\u00bb button_one_text_color__hover_enabled=\u00bboff\u00bb button_one_text_color__hover=\u00bbnull\u00bb button_two_text_color__hover_enabled=\u00bboff\u00bb button_two_text_color__hover=\u00bbnull\u00bb button_one_border_width__hover_enabled=\u00bboff\u00bb button_one_border_width__hover=\u00bbnull\u00bb button_two_border_width__hover_enabled=\u00bboff\u00bb button_two_border_width__hover=\u00bbnull\u00bb button_one_border_color__hover_enabled=\u00bboff\u00bb button_one_border_color__hover=\u00bbnull\u00bb button_two_border_color__hover_enabled=\u00bboff\u00bb button_two_border_color__hover=\u00bbnull\u00bb button_one_border_radius__hover_enabled=\u00bboff\u00bb button_one_border_radius__hover=\u00bbnull\u00bb button_two_border_radius__hover_enabled=\u00bboff\u00bb button_two_border_radius__hover=\u00bbnull\u00bb button_one_letter_spacing__hover_enabled=\u00bbon\u00bb button_one_letter_spacing__hover=\u00bb1px\u00bb button_two_letter_spacing__hover_enabled=\u00bbon\u00bb button_two_letter_spacing__hover=\u00bb1px\u00bb button_one_bg_color__hover_enabled=\u00bboff\u00bb button_one_bg_color__hover=\u00bbnull\u00bb button_two_bg_color__hover_enabled=\u00bboff\u00bb button_two_bg_color__hover=\u00bbnull\u00bb][\/et_pb_fullwidth_header][\/et_pb_section][et_pb_section fb_built=\u00bb1&#8243; admin_label=\u00bbOur Story Section\u00bb _builder_version=\u00bb3.0.83&#8243; custom_padding=\u00bb100px||100px|\u00bb][et_pb_row admin_label=\u00bbOur Story Area\u00bb _builder_version=\u00bb3.0.83&#8243;][et_pb_column type=\u00bb1_2&#8243; _builder_version=\u00bb3.0.47&#8243; parallax=\u00bboff\u00bb parallax_method=\u00bbon\u00bb][et_pb_image src=\u00bbhttp:\/\/raval.es\/elx\/wp-content\/uploads\/2017\/05\/Entrega-Premios-Raval-8.jpg\u00bb _builder_version=\u00bb3.17.6&#8243;][\/et_pb_image][\/et_pb_column][et_pb_column type=\u00bb1_2&#8243; _builder_version=\u00bb3.0.47&#8243; parallax=\u00bboff\u00bb parallax_method=\u00bbon\u00bb][et_pb_text admin_label=\u00bbTitle\u00bb _builder_version=\u00bb3.17.6&#8243; text_font=\u00bb||||||||\u00bb header_font=\u00bb||||||||\u00bb header_2_font=\u00bbLato||||||||\u00bb header_2_font_size=\u00bb36px\u00bb header_2_line_height=\u00bb1.5em\u00bb module_alignment=\u00bbcenter\u00bb custom_margin=\u00bb||15px|\u00bb custom_padding=\u00bb|||\u00bb animation_direction=\u00bbleft\u00bb]<\/p>\n<h2>Entre tot*s, fem barri<\/h2>\n<p>[\/et_pb_text][et_pb_text _builder_version=\u00bb3.17.6&#8243; text_font_size=\u00bb16px\u00bb text_line_height=\u00bb1.8em\u00bb animation_direction=\u00bbleft\u00bb]<\/p>\n<p><strong>ANALISI PREVI A L\u2019ESTUDI<\/strong><\/p>\n<p>El barri del Raval a Elx est\u00e0 situat, practicament, al centre de la ciutat. \u00c9s un poble dins una gran ciutat i la seua poblaci\u00f3 vol viure en eixe barri i l\u2019estima.<br \/>Conviu una poblaci\u00f3 molt major que ha viscut tota la vida al barri i gent jove que han buscat viure en ell.<br \/>L\u2019equip de treball de l\u2019associaci\u00f3 ve\u00efnal est\u00e0 compost per persones entre 25 i 70 anys. Este equip va comen\u00e7ar en novembre de 2015.<\/p>\n<p><strong>Resultat de l\u2019estudi previ:<\/strong><\/p>\n<ul>\n<li>El barri t\u00e9 carrers i baldoses xiquiques i estretes. Persones majors, families amb el carro del xiquet\/a, o la persona amb el carro de la compra amb dificultat per a despla\u00e7ar-se pel barri.<\/li>\n<li>Hi ha molt de tr\u00e0nsit pels seus carrers.<\/li>\n<li>\u00c9s necessari estudiar la repercusi\u00f3 que la peatonalitzaci\u00f3 d\u2019un carrer del centre de la ciutat i la realitzaci\u00f3 d\u2019un mercat amb molts aparcaments van a provocar al barri.<\/li>\n<li>L\u2019equip de treball t\u00e9 moltes deficiencies en relaci\u00f3 a les TICs i les din\u00e0miques de grup.<\/li>\n<li>Hi ha inquietud social i cultural per posar en marxa projectes de tot tipus. Acudeixen a nosaltres perque no con\u00e8ixen els protocols o els recursos per a posar en marxa els seus projectes i nosaltres li facilitem la tasca<\/li>\n<li>A les activitats que posem en marxa acudeix molta gent que no aniria a altres llocs on es feren les mateixes activitats. Som un altaveu per a moltes associacions i problem\u00e0tiques.<\/li>\n<li>Falta d\u2019informaci\u00f3 en general. De recursos, ferramentes, activitats, en general del que hi ha i passa al seu envoltant.<\/li>\n<li>Desconeixement del que es fa a altres llocs. El que provoca falta de ide\u00e9s innovadores<\/li>\n<li>Desconeixement del m\u00f3n associatiu<\/li>\n<li>No existeix la possibilitat d\u2019accedir a equipament inform\u00e0tic p\u00fablic per part de la poblaci\u00f3<\/li>\n<li>Desconeixement del que \u00e9s i per a que serveix el pressupost participatiu<\/li>\n<\/ul>\n<p><strong>Les principals necessitats son:<\/strong><\/p>\n<ul>\n<li>Informaci\u00f3 i assessorament als ciutadans i a les associacions<\/li>\n<li>Formar a l\u2019equip de treball en TICs i din\u00e0miques de grup<\/li>\n<li>Implicar al ve\u00efnat en l\u2019associaci\u00f3 i en la millora del seu envoltant<\/li>\n<li>Visibilitzar i enfortir les associacions<\/li>\n<li>Elaborar un estudi sobre la mobilitat al barri i propostes de millora<\/li>\n<li>Coordinar els recursos socials i culturals del barri per a una major visibilitzaci\u00f3 i aprofitament.<\/li>\n<\/ul>\n<p><strong>ASPECTES INNOVADORS DEL PROJECTE<\/strong><\/p>\n<p>Un dels aspectes innovadors \u00e9s la participaci\u00f3 al Congr\u00e9s Europeu d&#8217;associacions ve\u00efnals de dos membres de l&#8217;associaci\u00f3 que, posteriorment faran un informe i sessi\u00f3 informativa sobre el tema, per a que sevisca de base per a posteriors debats.<\/p>\n<p>Els tallers de din\u00e0mica de grup, encara que tenen una data espec\u00edfica es treballen de forma continuada en cadascuna de les reunions que es realitzen.<\/p>\n<p>L&#8217;aprenentatge \u00e9s vivencial.<\/p>\n<p>Altre aspecte \u00e9s que, degut al perfil de les persones que composen l&#8217;equip de treball, podem informar i assessorar a ciutadans i associacions que venen a preguntar a l&#8217;associaci\u00f3. Aix\u00ed com posar en marxa activitats en base a la motivaci\u00f3 i comprom\u00eds de les persones que el conformen.<\/p>\n<p>Treballem amb ferramentes que ens faciliten la tasca, com ara el calendari compartit, els documents creats de forma colaborativa.<br \/>I realitzem activitats que permeten un intercanvi de coneixements i habilitats entre diferents generacions<\/p>\n<p><strong>OBJECTIUS<\/strong><\/p>\n<p>A. Promoure la creaci\u00f3 i millora del funcionament de les associacions<br \/>A.1. Formar a l\u2019equip de treball en ferramentes que li permitisquen ser m\u00e9s efica\u00e7os<br \/>i eficients en la seua tasca.<br \/>A.2. Augmentar el nombre d\u2019associats en un 20% dels que hi ha a l\u2019actualitat.<br \/>A.3. Possibilitar l\u2019acc\u00e9s a les tecnologies de l\u2019informaci\u00f3 i coneixement.<br \/>A.4. Apropar l\u2019informaci\u00f3 i assessorament al ciutad\u00e0 i associacions<br \/>B. Sensibilitzar al ve\u00efnat sobre l\u2019import\u00e0ncia de la seua participaci\u00f3 a<br \/>l\u2019associaci\u00f3 i al barri.<br \/>B.1. Reflexionar sobre la situaci\u00f3 actual del barri i elaborar propostes d\u2019actuaci\u00f3<br \/>entre el ve\u00efnat per aconseguir el barri que entre tots volem<br \/>B.2. Difusi\u00f3 i promoci\u00f3 del pressupost participatiu com a mig per a la participaci\u00f3<br \/>ciutadana en la millora del seu envoltant.<br \/>B.3. Millorar la transpar\u00e8ncia de l\u2019associaci\u00f3 apropant l\u2019informaci\u00f3 que es genere<br \/>als associats i ve\u00efnat en general.<br \/>C. Posar en valor l\u2019associacionisme i la participaci\u00f3 facilitant i promovent<br \/>l\u2019intercanvi d\u2019id\u00e9es i la visibilitzaci\u00f3 d\u2019associacions i col\u00b7lectius que<br \/>participen a la vida socio-cultural del barri i del municipi<br \/>C.1. Organitzar i participar en Congressos i Trobades Ve\u00efnals<br \/>C.2. Apropar la realitat social al ve\u00efnat del barri per mig d\u2019activitats realitzades per<br \/>diferents associacions<\/p>\n<p><strong>ACTIVITATS<\/strong><\/p>\n<p><strong>A.1. FORMACI\u00d3 DE L\u2019EQUIP DE TREBALL DE L\u2019ASSOCIACI\u00d3<\/strong><br \/>Participaci\u00f3 al Congr\u00e9s Europeu: Vivre la Ville (Bruselas 24-25 de mar\u00e7 de 2018<br \/>Tallers de tecnologia de l\u2019informaci\u00f3 i del coneix\u00e8ment<br \/>Taller: inform\u00e0tica b\u00e0sica (4 a 25 maig-divendres 17-18h)<br \/>Taller: \u00das del m\u00f2bil (Del 7 al 28 maig-dilluns 19-20h)<br \/>Taller: Ferramentes del Google per a millorar la coordinaci\u00f3 de l\u2019equip de<br \/>treball. (6 a 27 juny. Dimecres 19-20h)<br \/>Taller: Xarxes socials (1-29 juny-divendres 17-18h)<br \/>Taller: WordPress (participaci\u00f3 a la web de l\u2019associaci\u00f3) (1 a 22\/10 &#8211; dill. 19<br \/>Tallers de din\u00e0miques de grup<br \/>Reunions efectives (10 a 24 gener &#8211; dimecres 20-21h)<br \/>L\u2019equip de treball el cor de l\u2019associaci\u00f3. Funcions, coordinaci\u00f3 i satisfacci\u00f3 (14 a 28 febrer &#8211; dimecres 20-21h)<\/p>\n<p><strong>A.2. AUGMENTAR EL NOMBRE D\u2019ASSOCIATS<\/strong><br \/>Elaboraci\u00f3 d\u2019un formulari online i altre f\u00edsic per associar-se (gener)<br \/>Elaboraci\u00f3 de merchandaising del projecte i de l\u2019associaci\u00f3<br \/>Participaci\u00f3 amb una taula informativa en el mercat ecol\u00f2gic que s\u2019organitza el<br \/>primer dissabte de mes a la Pl. del Raval (en colaboraci\u00f3 amb l\u2019Associaci\u00f3 de<br \/>Desenvolupament Rural) (5 gener a 6 octubre &#8211; primer dissabte de mes)<br \/>Elaboraci\u00f3 d\u2019un fullet informatiu sobre l\u2019associaci\u00f3 ve\u00efnal (setembre)<\/p>\n<p><strong>A.3. POSSIBILITAR L\u2019ACC\u00c9S A LES TECNOLOGIES DE L\u2019INFORMACI\u00d3 I CONEIXEMENT<\/strong><br \/>Realitzar gestions per aconseguir que la ciutadania puga accedir a equipament<br \/>inform\u00e0tic al seu barri per mig de cesi\u00f3, conveni o compra.<br \/>-. Reunions amb t\u00e8cnics i politics<br \/>-. Elaboraci\u00f3 d&#8217;un informe sobre la necessitat del servei<br \/>-. Sol.licitud a la Federaci\u00f3 d&#8217;associaci\u00f3 ve\u00efnal per tal de que es sol\u00b7licite<br \/>tamb\u00e9 des d&#8217;eixa entitat<\/p>\n<p><strong>A.4. APROPAR L\u2019INFORMACI\u00d3 I ASSESSORAMENT AL CIUTAD\u00c0 I ASSOCIACIONS<\/strong><br \/>Confer\u00e8ncia sobre programes europeus (en colaboraci\u00f3 amb l\u2019associaci\u00f3<br \/>Baiajovens i ACD La Hoya) (juliol)<br \/>Distribuci\u00f3 de cartells i fullets en llocs estrat\u00e8gics del barri, pujar-los a la web i xarxes socials, i enviar-los per correu als associats i als diferents grups de whatsapp (tot l\u2019any)<br \/>Posar en marxa el servei d\u2019informaci\u00f3 i assessorament a la ciutadania i associacions (setembre)<br \/>Realitzaci\u00f3 d\u2019entrevistes i articles en mitjos de comunicaci\u00f3 (setembre)<\/p>\n<p><strong>B.1. REFLEXIONAR SOBRE LA SITUACI\u00d3 ACTUAL DEL BARRI I ELABORAR<\/strong><br \/><strong>PROPOSTES D\u2019ACTUACI\u00d3 ENTRE EL VE\u00cfNAT PER ACONSEGUIR EL BARRI QUE<\/strong><br \/><strong>ENTRE TOTS VOLEM<\/strong><br \/>Elaboraci\u00f3 d\u2019una enquesta per recollir les necessitats del barri (abril)<br \/>Taula rodona: la mobilitat al barri del Raval (13\/4\/2018)<br \/>Marxa nocturna: roda pel barri (bici, patins, monopatins, patinet) (20\/4\/2018)<br \/>Xerrada: Patrimoni des de baix, patrimoni per a qui. (Jos\u00e9 Mart\u00ednez Jurado, Investigador predoctoral.Dpto. de Ciencias Sociales y Humanas. Universitas Miguel Hern\u00e1ndez) (11\/5 a 19h)<br \/>Concurs de fotografia \u201cengalanament de carrers\u201d (juny)<br \/>Exposici\u00f3 fotogr\u00e0fica dels concursos realitzats (juny a juliol)<br \/>Concurs de curts amb m\u00f2bil: denuncia el que no funciona al teu barri (setembre)<br \/>! Jornades d\u2019an\u00e0lisi de la situaci\u00f3 del barri. Din\u00e0miques grupals: (24\/9 a 6\/10)<br \/>! Elaboraci\u00f3 d\u2019un DAFO<br \/>! Gimkana per recon\u00e8ixer el barri<br \/>Mapeo del barri<br \/>Elaboraci\u00f3 de propostes de millora<br \/>Confer\u00e8ncia: Cap on anem: La gentrificaci\u00f3 i turificaci\u00f3 (28\/9 &#8211; 19h)<br \/>Projecci\u00f3 del Documental \u201cEl Raval\u201d (Jose) (24\/9 a 19h)<br \/>Projecci\u00f3 dels curts presentats al concurs (24\/9 a 19h)<br \/>Gravaci\u00f3, muntatge, edici\u00f3 i projecci\u00f3 del v\u00eddeo \u201cFem barri\u201d<br \/>Edici\u00f3 de l\u2019Estudi realitzat (octubre)<\/p>\n<p><strong>B.2. DIFUSI\u00d3 I PROMOCI\u00d3 DEL PRESSUPOST PARTICIPATIU COM A MIG PER A LA<\/strong><br \/><strong>PARTICIPACI\u00d3 CIUTADANA EN LA MILLORA DEL SEU ENVOLTANT<\/strong><br \/>Participar a les reunions informatives realitzades per la Regidoria de Participaci\u00f3 (3\/3)<br \/>Pujar i enviar a xarxes socials, web i correu electr\u00f2nic la convocat\u00f2ria i la gu\u00eda del pressupost participatiu de 2018. (12\/3)<br \/>Convocar i realitzar una reuni\u00f3 per tal d\u2019explicar el que \u00e9s i com participar, aix\u00ed com la situaci\u00f3 en la que es troben les accions aprovades en el pressupost participatiu de 2017 (7\/4 &#8211; 12h.)<br \/>Aportar ordinador i personal per a facilitar la votaci\u00f3 al ve\u00efnat (setembre)<\/p>\n<p><strong>B.3. MILLORAR LA TRANSPAR\u00c8NCIA DE L\u2019ASSOCIACI\u00d3 APROPANT L\u2019INFORMACI\u00d3 QUE ES GENERE ALS ASSOCIATS I VE\u00cfNAT EN GENERAL<\/strong><br \/>Actualitzaci\u00f3 peri\u00f2dica de la web i les xarxes socials (gener a octubre)<br \/>Enviament per correu electr\u00f2nic als associats de l\u2019informaci\u00f3, que es genere o ens arribe, que puga ser del seu inter\u00e9s. (gener a octubre)<br \/>Pujar a la web la documentaci\u00f3 de l\u2019associaci\u00f3: estatuts, Junta directiva, segur de responsabilitat civil, actes de les assemblees generals, etc. (gener a octubre)<\/p>\n<p><strong>C.1. ORGANITZAR I PARTICIPAR EN CONGRESSOS I TROBADES VE\u00cfNALS<\/strong><br \/>Participaci\u00f3 al Congr\u00e9s Europeu d\u2019associacions ve\u00efnals a Bruseles (24-25\/3\/2018)<br \/>Organitzaci\u00f3 de la \u201cTrobada d\u2019Associacions Fem barri\u201d (6\/10\/2018)<\/p>\n<p><strong>C.2. APROPAR LA REALITAT SOCIAL AL VE\u00cfNAT DEL BARRI PER MIG D\u2019ACTIVITATS REALITZADES PER DIFERENTS ASSOCIACIONS<\/strong><br \/>Projecci\u00f3 de pelicula i debat sobre la Sobirania alimentaria (en colaboraci\u00f3 amb l\u2019associaci\u00f3 mediambiental Alonis) (23\/2\/2108)<br \/>Xerrada: El comer\u00e7 just i degustaci\u00f3 de productes (en colaboraci\u00f3 amb Intermon Oxfam) (3\/3\/2018)<br \/>Xerrada: El paper de la dona en el palmerar i el mediambient (en colaboraci\u00f3 amb l\u2019associaci\u00f3 Volem palmerar) (7\/3\/2018)<br \/>Xerrada sobre la realitat del poble Siri (en colaboraci\u00f3 amb la plataforma d\u2019ajuda a Siria) (7\/6 a 19h)<\/p>\n<p>DESTINATARIS (nivell d\u2019incid\u00e8ncia acreditat)<br \/>Membres actius de l\u2019associaci\u00f3 ve\u00efnal Raval i carrers adjacents<br \/>Ve\u00efnat del barri del Raval<br \/>Associacions ve\u00efnals, culturals, mediambientals i d\u2019altres \u00e0mbits d\u2019Elx<br \/>Persones interessades<\/p>\n<p>TEMPORALITZACI\u00d3<br \/>De Gener a Octubre de 2018<\/p>\n<p>UBICACI\u00d3<br \/>Centre Social del Raval<br \/>Pla\u00e7a del Raval<br \/>Pla\u00e7a Antoni Bru<br \/>Hort del Monjo, o colege Reis Cat\u00f2lics<\/p>\n<p>DIFUSI\u00d3<br \/>Fullet sobre l\u2019associaci\u00f3 ve\u00efnal Raval<br \/>Fullet sobre el projecte Fem barri<br \/>Video promocional Fem barri<br \/>Mas Media, i altres mitjos alternatius<br \/>Web, xarxes socials, etc.<br \/>Merchandaising: Calendari 2019, Samarretes, Motxilles, Barrets, llibretes<br \/>Pancarta<br \/>Metacrilat per exterior ctre. social<br \/>Roller<br \/>Programa de radio\/entrevistes en Radio Jove, la COPE, Radio Elx i Tele Elx<\/p>\n<p>AVALUACI\u00d3<br \/>Elaboraci\u00f3 dels instruments d\u2019avaluaci\u00f3<br \/>Instruments: Observaci\u00f3, Enquesta d\u2019evaluaci\u00f3 per als participants, Enquesta d\u2019evaluaci\u00f3<br \/>per als organitzadors, Reunions trimestrals de seguiment del proc\u00e9s<\/p>\n<p><strong>RECURSOS<\/strong><br \/><strong>MATERIALS, HUMANS, ECON\u00d2MICS<\/strong><br \/><strong>XARXA ENTITATS<\/strong><\/p>\n<p><strong>Alonis<\/strong><br \/>Participaci\u00f3 a l\u2019organitzaci\u00f3 de la xerrada \u201cLa Sobirania Alimentaria\u201d<br \/>Ponent a la xerrada \u201cEl paper de la dona en el palmerar i el mediambient\u201d<\/p>\n<p><strong>El Tempir<\/strong><br \/>Correcci\u00f3 dels textes en valenci\u00e0.<\/p>\n<p><strong>Volem Palmerar<\/strong><br \/>Organitzaci\u00f3 de la xerrada \u201cEl paper de la dona en el palmerar i el mediambient\u201d<\/p>\n<p><strong>Margall\u00f3 Ecologistes en acci\u00f3-Bicicr\u00edtica<\/strong><br \/>Organitzaci\u00f3 de la marxa nocturna \u201cRoda pel barr\u201d<\/p>\n<p><strong>ADR-Associaci\u00f3 de desenvolupament Rural<\/strong><br \/>Coordinaci\u00f3 del muntatge del mercat ecol\u00f2gic<\/p>\n<p><strong>Associaci\u00f3 Cultural Amanida<\/strong><br \/>Formaci\u00f3 en TIC<br \/>Assessorament en campanyes d\u2019imatge<br \/>Publicitat i merchandaising<br \/>Web i xarxes socials<\/p>\n<p><strong>AV Poeta Miguel Hern\u00e1ndez<\/strong><br \/>Realitzaci\u00f3 del v\u00eddeo sobre les activitats del projecte<\/p>\n<p><strong>Associaci\u00f3 Baiajovens i ACD La Foia<\/strong><br \/>Realitzaci\u00f3 de la xerrada sobre programes europeus<\/p>\n<p><strong>Associaci\u00f3 Kilombo kilomb\u00e9<\/strong><br \/>Actuaci\u00f3 de batukada durant els events<\/p>\n<p><strong>Oxfam intermon<\/strong><br \/>Realitzaci\u00f3 de la xerrada \u201cComer\u00e7 just\u201d<\/p>\n<p><strong>Cooperativa Coraz\u00f3n Verde<\/strong><br \/>Gu\u00eda en la visita als jardins de l\u2019Aljub<\/p>\n<p><strong>Federaci\u00f3 AV Dama d\u2019Elx<\/strong><br \/>Cessi\u00f3 de l\u2019equipament per a les xerrades: projector, pantalla i port\u00e0til<br \/>Cessi\u00f3 de l\u2019equip de so per a petits events.<\/p>\n<p><strong>AHSA Amics dels humedals del Sud d\u2019Alacant<\/strong><br \/>Gu\u00eda en la visita al mirador del pant\u00e0 per tal de fer un avistament d\u2019aus<\/p>\n<p><strong>Asociaci\u00f3n de Bellas Arte de Elche i asociaci\u00f3n Cuadernos viajeros<\/strong><br \/>Pintar i dibuixar durant la trobada d\u2019associacions<\/p>\n<p><strong>Assoc. Refugiats Siris<\/strong><br \/>Organitzaci\u00f3 de la xerrada sobre la situaci\u00f3 dels refugiats Siris i la tasca que<br \/>realitza l\u2019associaci\u00f3<\/p>\n<p><strong>CEPA Merc\u00e9 Rodoreda<\/strong><br \/>Cesi\u00f3 d\u2019espais per exposici\u00f3 i curs<\/p>\n<p><strong>Casal Jaume I<\/strong><br \/>Grup de dol\u00e7aina i tabalet per a les festes de Sant Joan<\/p>\n<p>[\/et_pb_text][\/et_pb_column][\/et_pb_row][\/et_pb_section]<\/p>\n","protected":false},"excerpt":{"rendered":"<p>Entre tot*s, fem barri ANALISI PREVI A L\u2019ESTUDI El barri del Raval a Elx est\u00e0 situat, practicament, al centre de la ciutat. \u00c9s un poble dins una gran ciutat i la seua poblaci\u00f3 vol viure en eixe barri i l\u2019estima.Conviu una poblaci\u00f3 molt major que ha viscut tota la vida al barri i gent jove [&hellip;]<\/p>\n","protected":false},"author":1,"featured_media":0,"parent":0,"menu_order":0,"comment_status":"closed","ping_status":"closed","template":"","meta":{"_et_pb_use_builder":"on","_et_pb_old_content":"","_et_gb_content_width":"","_joinchat":[],"footnotes":""},"class_list":["post-2510","page","type-page","status-publish","hentry"],"_links":{"self":[{"href":"https:\/\/raval.es\/elx\/wp-json\/wp\/v2\/pages\/2510","targetHints":{"allow":["GET"]}}],"collection":[{"href":"https:\/\/raval.es\/elx\/wp-json\/wp\/v2\/pages"}],"about":[{"href":"https:\/\/raval.es\/elx\/wp-json\/wp\/v2\/types\/page"}],"author":[{"embeddable":true,"href":"https:\/\/raval.es\/elx\/wp-json\/wp\/v2\/users\/1"}],"replies":[{"embeddable":true,"href":"https:\/\/raval.es\/elx\/wp-json\/wp\/v2\/comments?post=2510"}],"version-history":[{"count":5,"href":"https:\/\/raval.es\/elx\/wp-json\/wp\/v2\/pages\/2510\/revisions"}],"predecessor-version":[{"id":2548,"href":"https:\/\/raval.es\/elx\/wp-json\/wp\/v2\/pages\/2510\/revisions\/2548"}],"wp:attachment":[{"href":"https:\/\/raval.es\/elx\/wp-json\/wp\/v2\/media?parent=2510"}],"curies":[{"name":"wp","href":"https:\/\/api.w.org\/{rel}","templated":true}]}}