{"id":3204,"date":"2019-09-12T12:10:33","date_gmt":"2019-09-12T12:10:33","guid":{"rendered":"http:\/\/raval.es\/elx\/?page_id=3204"},"modified":"2020-04-17T21:37:46","modified_gmt":"2020-04-17T21:37:46","slug":"latrobada2m19","status":"publish","type":"page","link":"https:\/\/raval.es\/elx\/latrobada2m19\/","title":{"rendered":"La Trobada2"},"content":{"rendered":"<div id=\"fb-root\"><\/div>\n<p>[et_pb_section fb_built=\u00bb1&#8243; custom_padding_last_edited=\u00bboff|desktop\u00bb admin_label=\u00bbHero\u00bb _builder_version=\u00bb4.3.2&#8243; use_background_color_gradient=\u00bbon\u00bb background_color_gradient_start=\u00bb#ffffff\u00bb background_color_gradient_end=\u00bb#e7edf9&#8243; background_image=\u00bbhttp:\/\/raval.es\/elx\/wp-content\/uploads\/2020\/04\/trobada2principal.jpg\u00bb custom_margin=\u00bb|||\u00bb custom_padding=\u00bb100px||100px||false|false\u00bb custom_padding_tablet=\u00bb130px||130px|\u00bb hover_enabled=\u00bb0&#8243;][et_pb_row _builder_version=\u00bb3.27.3&#8243; use_background_color_gradient=\u00bbon\u00bb background_color_gradient_start=\u00bbrgba(218,120,226,0.8)\u00bb background_color_gradient_end=\u00bbrgba(211,234,234,0.96)\u00bb background_color_gradient_overlays_image=\u00bbon\u00bb background_size=\u00bbinitial\u00bb background_position=\u00bbtop_left\u00bb background_repeat=\u00bbrepeat\u00bb custom_margin=\u00bb|||\u00bb][et_pb_column type=\u00bb4_4&#8243; _builder_version=\u00bb3.25&#8243; custom_padding=\u00bb|||\u00bb custom_padding__hover=\u00bb|||\u00bb][et_pb_text _builder_version=\u00bb3.27.4&#8243; header_font=\u00bbMerriweather|700|||||||\u00bb header_font_size=\u00bb46px\u00bb header_line_height=\u00bb1.3em\u00bb text_orientation=\u00bbcenter\u00bb max_width=\u00bb700px\u00bb module_alignment=\u00bbcenter\u00bb custom_margin=\u00bb||0px|\u00bb animation_style=\u00bbflip\u00bb animation_direction=\u00bbtop\u00bb inline_fonts=\u00bbBaloo\u00bb]<\/p>\n<p><img loading=\"lazy\" decoding=\"async\" src=\"http:\/\/raval.es\/elx\/wp-content\/uploads\/2019\/09\/trobada-bnner.jpg\" alt=\"\" class=\"wp-image-3206 alignnone size-full\" width=\"886\" height=\"177\" srcset=\"http:\/\/raval.es\/elx\/wp-content\/uploads\/2019\/09\/trobada-bnner.jpg 886w, http:\/\/raval.es\/elx\/wp-content\/uploads\/2019\/09\/trobada-bnner-480x96.jpg 480w\" sizes=\"auto, (min-width: 0px) and (max-width: 480px) 480px, (min-width: 481px) 886px, 100vw\" \/><\/p>\n<p>[\/et_pb_text][et_pb_text _builder_version=\u00bb3.27.4&#8243; text_font=\u00bb||||||||\u00bb text_font_size=\u00bb20px\u00bb text_line_height=\u00bb1.8em\u00bb text_orientation=\u00bbcenter\u00bb max_width=\u00bb700px\u00bb module_alignment=\u00bbcenter\u00bb custom_margin=\u00bb25px|||\u00bb animation_style=\u00bbflip\u00bb animation_direction=\u00bbtop\u00bb animation_delay=\u00bb100ms\u00bb inline_fonts=\u00bbAmaranth\u00bb]<\/p>\n<h2><span style=\"font-family: Amaranth; font-weight: normal;\">informa\u2019t, descobreix, participa, assessora\u2019t, proposa, actua, <\/span><br \/>\n<span style=\"font-family: Amaranth; font-weight: normal;\">pren la iniciativa, &#8230;amb totes i tots, <strong>associa\u2019t<\/strong>!<\/span><\/h2>\n<p>[\/et_pb_text][\/et_pb_column][\/et_pb_row][\/et_pb_section][et_pb_section fb_built=\u00bb1&#8243; _builder_version=\u00bb3.24&#8243; background_color=\u00bb#f5f9fb\u00bb custom_padding=\u00bb100px||100px|\u00bb][et_pb_row column_structure=\u00bb1_3,1_3,1_3&#8243; _builder_version=\u00bb3.29.3&#8243;][et_pb_column type=\u00bb1_3&#8243; _builder_version=\u00bb3.29.3&#8243;][et_pb_image src=\u00bbhttp:\/\/raval.es\/elx\/wp-content\/uploads\/2019\/09\/galeriafoto.jpg\u00bb url=\u00bbhttp:\/\/raval.es\/elx\/fotos-latrobada2\/\u00bb _builder_version=\u00bb3.29.3&#8243;][\/et_pb_image][et_pb_text _builder_version=\u00bb3.29.3&#8243;]<\/p>\n<h4 style=\"text-align: center;\"><a href=\"http:\/\/raval.es\/elx\/fotos-latrobada2\/\"><strong>GALERIA FOTOGR\u00c0FICA<\/strong><\/a><\/h4>\n<p>[\/et_pb_text][\/et_pb_column][et_pb_column type=\u00bb1_3&#8243; _builder_version=\u00bb3.29.3&#8243;][et_pb_image src=\u00bbhttp:\/\/raval.es\/elx\/wp-content\/uploads\/2019\/09\/recullpremsa.jpg\u00bb url=\u00bbhttp:\/\/raval.es\/elx\/recull-de-premsa\/\u00bb _builder_version=\u00bb3.29.3&#8243;][\/et_pb_image][et_pb_text _builder_version=\u00bb3.29.3&#8243; custom_padding=\u00bb||0px|||\u00bb]<\/p>\n<h4 style=\"text-align: center;\"><strong>RECULL DE PREMSA<br \/><\/strong><\/h4>\n<p>[\/et_pb_text][\/et_pb_column][et_pb_column type=\u00bb1_3&#8243; _builder_version=\u00bb3.29.3&#8243;][et_pb_image src=\u00bbhttp:\/\/raval.es\/elx\/wp-content\/uploads\/2019\/09\/videos.jpg\u00bb _builder_version=\u00bb3.29.3&#8243;][\/et_pb_image][et_pb_text _builder_version=\u00bb3.29.3&#8243; custom_padding=\u00bb||0px|||\u00bb]<\/p>\n<h4 style=\"text-align: center;\"><strong>VIDEOS<br \/> <\/strong><\/h4>\n<p>[\/et_pb_text][\/et_pb_column][\/et_pb_row][et_pb_row admin_label=\u00bbRow\u00bb _builder_version=\u00bb3.29.3&#8243; width=\u00bb100%\u00bb module_alignment=\u00bbcenter\u00bb custom_margin=\u00bb|343px||auto|false|false\u00bb][et_pb_column type=\u00bb4_4&#8243; _builder_version=\u00bb3.25&#8243; custom_padding=\u00bb|||\u00bb custom_padding__hover=\u00bb|||\u00bb][et_pb_blog fullwidth=\u00bboff\u00bb posts_number=\u00bb21&#8243; include_categories=\u00bb96&#8243; show_author=\u00bboff\u00bb show_date=\u00bboff\u00bb show_categories=\u00bboff\u00bb _builder_version=\u00bb3.27.3&#8243; header_font=\u00bbMerriweather|700|||||||\u00bb body_line_height=\u00bb1.8em\u00bb pagination_text_color=\u00bb#313476&#8243; pagination_font_size=\u00bb18px\u00bb border_width_all=\u00bb0px\u00bb border_color_all=\u00bb#\u00bb]&nbsp;<br \/>\n[\/et_pb_blog][\/et_pb_column][\/et_pb_row][\/et_pb_section][et_pb_section fb_built=\u00bb1&#8243; admin_label=\u00bbSubscribe\u00bb _builder_version=\u00bb4.3.2&#8243; background_color=\u00bb#f5d979&#8243; background_blend=\u00bbsoft-light\u00bb custom_padding=\u00bb0px|0px|0px|0px|false|false\u00bb][et_pb_row use_custom_gutter=\u00bbon\u00bb _builder_version=\u00bb4.3.2&#8243; width=\u00bb100%\u00bb max_width=\u00bb100%\u00bb min_height=\u00bb100px\u00bb][et_pb_column type=\u00bb4_4&#8243; _builder_version=\u00bb4.3.2&#8243;][et_pb_text _builder_version=\u00bb4.3.2&#8243; min_height=\u00bb178px\u00bb global_module=\u00bb4005&#8243; saved_tabs=\u00bball\u00bb]<\/p>\n<p style=\"text-align: center;\"><strong>Organitzaci\u00f3 i participaci\u00f3<\/strong><\/p>\n<p style=\"text-align: center;\"><img loading=\"lazy\" decoding=\"async\" src=\"http:\/\/raval.es\/elx\/wp-content\/uploads\/2018\/10\/AV-logo-300x150.png\" alt=\"\" class=\"wp-image-2458 alignnone size-medium\" width=\"150\" height=\"52\" \/>\u00a0 <img loading=\"lazy\" decoding=\"async\" src=\"http:\/\/raval.es\/elx\/wp-content\/uploads\/2018\/10\/GVAlogo-300x135.png\" alt=\"\" class=\"wp-image-2463 alignnone size-medium\" width=\"200\" height=\"135\" \/> \u00a0<img loading=\"lazy\" decoding=\"async\" src=\"http:\/\/raval.es\/elx\/wp-content\/uploads\/2020\/04\/Generalitat-multilinguisme-300x126.png\" alt=\"\" class=\"wp-image-3990 alignnone size-medium\" width=\"220\" height=\"126\" \/> <img loading=\"lazy\" decoding=\"async\" src=\"http:\/\/raval.es\/elx\/wp-content\/uploads\/2018\/10\/elxparticipa.png\" alt=\"\" class=\"wp-image-2459 alignnone size-full\" googl=\"true\" width=\"100\" height=\"148\" \/> <img loading=\"lazy\" decoding=\"async\" src=\"http:\/\/raval.es\/elx\/wp-content\/uploads\/2017\/06\/elx-cultura.png\" alt=\"\" class=\"wp-image-1460 alignnone size-full\" width=\"150\" height=\"117\" \/>\u00a0 <img decoding=\"async\" src=\"http:\/\/raval.es\/elx\/wp-content\/uploads\/2018\/10\/ajuntament-300x92.png\" alt=\"\" class=\"wp-image-2457 alignnone size-medium\" width=\"250 \" height=\"67\" srcset=\"https:\/\/raval.es\/elx\/wp-content\/uploads\/2018\/10\/ajuntament-300x92.png 300w, https:\/\/raval.es\/elx\/wp-content\/uploads\/2018\/10\/ajuntament.png 536w\" sizes=\"(max-width: 300px) 100vw, 300px\" \/><\/p>\n<p>[\/et_pb_text][\/et_pb_column][\/et_pb_row][\/et_pb_section]<\/p>\n","protected":false},"excerpt":{"rendered":"<p>informa\u2019t, descobreix, participa, assessora\u2019t, proposa, actua, pren la iniciativa, &#8230;amb totes i tots, associa\u2019t! GALERIA FOTOGR\u00c0FICARECULL DE PREMSAVIDEOS &nbsp; Organitzaci\u00f3 i participaci\u00f3 \u00a0 \u00a0 \u00a0<\/p>\n","protected":false},"author":1,"featured_media":0,"parent":0,"menu_order":0,"comment_status":"closed","ping_status":"closed","template":"","meta":{"_et_pb_use_builder":"on","_et_pb_old_content":"","_et_gb_content_width":"","_joinchat":[],"footnotes":""},"class_list":["post-3204","page","type-page","status-publish","hentry"],"_links":{"self":[{"href":"https:\/\/raval.es\/elx\/wp-json\/wp\/v2\/pages\/3204","targetHints":{"allow":["GET"]}}],"collection":[{"href":"https:\/\/raval.es\/elx\/wp-json\/wp\/v2\/pages"}],"about":[{"href":"https:\/\/raval.es\/elx\/wp-json\/wp\/v2\/types\/page"}],"author":[{"embeddable":true,"href":"https:\/\/raval.es\/elx\/wp-json\/wp\/v2\/users\/1"}],"replies":[{"embeddable":true,"href":"https:\/\/raval.es\/elx\/wp-json\/wp\/v2\/comments?post=3204"}],"version-history":[{"count":20,"href":"https:\/\/raval.es\/elx\/wp-json\/wp\/v2\/pages\/3204\/revisions"}],"predecessor-version":[{"id":4019,"href":"https:\/\/raval.es\/elx\/wp-json\/wp\/v2\/pages\/3204\/revisions\/4019"}],"wp:attachment":[{"href":"https:\/\/raval.es\/elx\/wp-json\/wp\/v2\/media?parent=3204"}],"curies":[{"name":"wp","href":"https:\/\/api.w.org\/{rel}","templated":true}]}}